{"id":6204,"date":"2025-12-01T16:07:36","date_gmt":"2025-12-01T16:07:36","guid":{"rendered":"https:\/\/academiapastoralnb.org\/?page_id=6204"},"modified":"2025-12-17T17:43:40","modified_gmt":"2025-12-17T17:43:40","slug":"blog","status":"publish","type":"page","link":"https:\/\/academiapastoralnb.org\/es\/blog\/","title":{"rendered":"Blog"},"content":{"rendered":"\t\t<div data-elementor-type=\"wp-page\" data-elementor-id=\"6204\" class=\"elementor elementor-6204\">\n\t\t\t\t<div class=\"elementor-element elementor-element-890ec90 e-flex e-con-boxed wpr-particle-no wpr-jarallax-no wpr-parallax-no wpr-sticky-section-no wpr-equal-height-no e-con e-parent\" data-id=\"890ec90\" data-element_type=\"container\" data-e-type=\"container\" data-settings=\"{&quot;background_background&quot;:&quot;classic&quot;}\">\n\t\t\t\t\t<div class=\"e-con-inner\">\n\t\t<div class=\"elementor-element elementor-element-d56e99e e-con-full e-flex wpr-particle-no wpr-jarallax-no wpr-parallax-no wpr-sticky-section-no wpr-equal-height-no e-con e-child\" data-id=\"d56e99e\" data-element_type=\"container\" data-e-type=\"container\">\n\t\t\t\t<div class=\"elementor-element elementor-element-166e069 elementor-widget elementor-widget-heading\" data-id=\"166e069\" data-element_type=\"widget\" data-e-type=\"widget\" data-widget_type=\"heading.default\">\n\t\t\t\t\t<h2 class=\"elementor-heading-title elementor-size-default\">Art\u00edculos Recomendados<\/h2>\t\t\t\t<\/div>\n\t\t\t\t<div class=\"elementor-element elementor-element-ed11965 elementor-icon-list--layout-inline elementor-list-item-link-full_width elementor-widget elementor-widget-icon-list\" data-id=\"ed11965\" data-element_type=\"widget\" data-e-type=\"widget\" data-widget_type=\"icon-list.default\">\n\t\t\t\t\t\t\t<ul class=\"elementor-icon-list-items elementor-inline-items\">\n\t\t\t\t\t\t\t<li class=\"elementor-icon-list-item elementor-inline-item\">\n\t\t\t\t\t\t\t\t\t\t\t<a href=\"https:\/\/academiapastoralnb.org\/inicio\/\">\n\n\t\t\t\t\t\t\t\t\t\t\t\t<span class=\"elementor-icon-list-icon\">\n\t\t\t\t\t\t\t<svg aria-hidden=\"true\" class=\"e-font-icon-svg e-fas-home\" viewBox=\"0 0 576 512\" xmlns=\"http:\/\/www.w3.org\/2000\/svg\"><path d=\"M280.37 148.26L96 300.11V464a16 16 0 0 0 16 16l112.06-.29a16 16 0 0 0 15.92-16V368a16 16 0 0 1 16-16h64a16 16 0 0 1 16 16v95.64a16 16 0 0 0 16 16.05L464 480a16 16 0 0 0 16-16V300L295.67 148.26a12.19 12.19 0 0 0-15.3 0zM571.6 251.47L488 182.56V44.05a12 12 0 0 0-12-12h-56a12 12 0 0 0-12 12v72.61L318.47 43a48 48 0 0 0-61 0L4.34 251.47a12 12 0 0 0-1.6 16.9l25.5 31A12 12 0 0 0 45.15 301l235.22-193.74a12.19 12.19 0 0 1 15.3 0L530.9 301a12 12 0 0 0 16.9-1.6l25.5-31a12 12 0 0 0-1.7-16.93z\"><\/path><\/svg>\t\t\t\t\t\t<\/span>\n\t\t\t\t\t\t\t\t\t\t<span class=\"elementor-icon-list-text\">Inicio<\/span>\n\t\t\t\t\t\t\t\t\t\t\t<\/a>\n\t\t\t\t\t\t\t\t\t<\/li>\n\t\t\t\t\t\t\t\t<li class=\"elementor-icon-list-item elementor-inline-item\">\n\t\t\t\t\t\t\t\t\t\t\t<span class=\"elementor-icon-list-icon\">\n\t\t\t\t\t\t\t<svg aria-hidden=\"true\" class=\"e-font-icon-svg e-fas-book-reader\" viewBox=\"0 0 512 512\" xmlns=\"http:\/\/www.w3.org\/2000\/svg\"><path d=\"M352 96c0-53.02-42.98-96-96-96s-96 42.98-96 96 42.98 96 96 96 96-42.98 96-96zM233.59 241.1c-59.33-36.32-155.43-46.3-203.79-49.05C13.55 191.13 0 203.51 0 219.14v222.8c0 14.33 11.59 26.28 26.49 27.05 43.66 2.29 131.99 10.68 193.04 41.43 9.37 4.72 20.48-1.71 20.48-11.87V252.56c-.01-4.67-2.32-8.95-6.42-11.46zm248.61-49.05c-48.35 2.74-144.46 12.73-203.78 49.05-4.1 2.51-6.41 6.96-6.41 11.63v245.79c0 10.19 11.14 16.63 20.54 11.9 61.04-30.72 149.32-39.11 192.97-41.4 14.9-.78 26.49-12.73 26.49-27.06V219.14c-.01-15.63-13.56-28.01-29.81-27.09z\"><\/path><\/svg>\t\t\t\t\t\t<\/span>\n\t\t\t\t\t\t\t\t\t\t<span class=\"elementor-icon-list-text\">Blog<\/span>\n\t\t\t\t\t\t\t\t\t<\/li>\n\t\t\t\t\t\t<\/ul>\n\t\t\t\t\t\t<\/div>\n\t\t\t\t<\/div>\n\t\t\t\t\t<\/div>\n\t\t\t\t<\/div>\n\t\t<div class=\"elementor-element elementor-element-21e220d e-flex e-con-boxed wpr-particle-no wpr-jarallax-no wpr-parallax-no wpr-sticky-section-no wpr-equal-height-no e-con e-parent\" data-id=\"21e220d\" data-element_type=\"container\" data-e-type=\"container\">\n\t\t\t\t\t<div class=\"e-con-inner\">\n\t\t<div class=\"elementor-element elementor-element-496d77d e-con-full e-flex wpr-particle-no wpr-jarallax-no wpr-parallax-no wpr-sticky-section-no wpr-equal-height-no e-con e-child\" data-id=\"496d77d\" data-element_type=\"container\" data-e-type=\"container\">\n\t\t\t\t<div class=\"elementor-element elementor-element-0562829 wpr-grid-columns-2 wpr-grid-columns--laptop3 wpr-grid-columns--tablet2 wpr-grid-columns--mobile1 wpr-grid-pagination-center wpr-item-styles-inner elementor-widget elementor-widget-wpr-grid\" data-id=\"0562829\" data-element_type=\"widget\" data-e-type=\"widget\" data-widget_type=\"wpr-grid.default\">\n\t\t\t\t\t<ul class=\"wpr-grid-filters elementor-clearfix wpr-grid-filters-sep-right\"><li class=\" wpr-pointer-none wpr-pointer-line-fx wpr-pointer-fx-none\"><span  data-filter=\"*\" class=\"wpr-grid-filters-item wpr-active-filter \">Todos<\/span><em class=\"wpr-grid-filters-sep\"><\/em><\/li><li class=\" wpr-pointer-none wpr-pointer-line-fx wpr-pointer-fx-none\"><span   data-ajax-filter=[\"category\",\"teologia-pastoral\"]  data-filter=\".category-teologia-pastoral\">Teolog\u00eda Pastoral<\/span><em class=\"wpr-grid-filters-sep\"><\/em><\/li><li class=\" wpr-pointer-none wpr-pointer-line-fx wpr-pointer-fx-none\"><span   data-ajax-filter=[\"category\",\"varios\"]  data-filter=\".category-varios\">Varios<\/span><em class=\"wpr-grid-filters-sep\"><\/em><\/li><\/ul><section class=\"wpr-grid elementor-clearfix\" data-settings=\"{&quot;layout&quot;:&quot;fitRows&quot;,&quot;stick_last_element_to_bottom&quot;:&quot;&quot;,&quot;columns_desktop&quot;:&quot;2&quot;,&quot;gutter_hr&quot;:30,&quot;gutter_hr_mobile&quot;:30,&quot;gutter_hr_mobile_extra&quot;:30,&quot;gutter_hr_tablet&quot;:30,&quot;gutter_hr_tablet_extra&quot;:30,&quot;gutter_hr_laptop&quot;:30,&quot;gutter_hr_widescreen&quot;:30,&quot;gutter_vr&quot;:30,&quot;gutter_vr_mobile&quot;:30,&quot;gutter_vr_mobile_extra&quot;:30,&quot;gutter_vr_tablet&quot;:30,&quot;gutter_vr_tablet_extra&quot;:30,&quot;gutter_vr_laptop&quot;:30,&quot;gutter_vr_widescreen&quot;:30,&quot;animation&quot;:&quot;default&quot;,&quot;animation_duration&quot;:0.299999999999999988897769753748434595763683319091796875,&quot;animation_delay&quot;:0.1000000000000000055511151231257827021181583404541015625,&quot;deeplinking&quot;:&quot;&quot;,&quot;filters_linkable&quot;:&quot;no&quot;,&quot;filters_default_filter&quot;:&quot;&quot;,&quot;filters_count&quot;:&quot;&quot;,&quot;filters_hide_empty&quot;:&quot;no&quot;,&quot;filters_animation&quot;:&quot;default&quot;,&quot;filters_animation_duration&quot;:0.299999999999999988897769753748434595763683319091796875,&quot;filters_animation_delay&quot;:0.1000000000000000055511151231257827021181583404541015625,&quot;pagination_type&quot;:&quot;load-more&quot;,&quot;pagination_max_pages&quot;:1,&quot;lightbox&quot;:{&quot;selector&quot;:&quot;.wpr-grid-image-wrap&quot;,&quot;iframeMaxWidth&quot;:&quot;60%&quot;,&quot;hash&quot;:false,&quot;autoplay&quot;:&quot;true&quot;,&quot;pause&quot;:5000,&quot;progressBar&quot;:&quot;true&quot;,&quot;counter&quot;:&quot;true&quot;,&quot;controls&quot;:&quot;true&quot;,&quot;getCaptionFromTitleOrAlt&quot;:&quot;true&quot;,&quot;thumbnail&quot;:&quot;&quot;,&quot;showThumbByDefault&quot;:&quot;&quot;,&quot;share&quot;:&quot;&quot;,&quot;zoom&quot;:&quot;true&quot;,&quot;fullScreen&quot;:&quot;true&quot;,&quot;download&quot;:&quot;true&quot;}}\" data-advanced-filters=\"no\"><article class=\"wpr-grid-item elementor-clearfix post-9275 post type-post status-publish format-standard hentry category-teologia-pastoral\"><div class=\"wpr-grid-item-inner\"><div class=\"wpr-grid-item-below-content elementor-clearfix\"><h2 class=\"wpr-grid-item-title elementor-repeater-item-d3e1031 wpr-grid-item-display-block wpr-grid-item-align-left wpr-pointer-none wpr-pointer-line-fx wpr-pointer-fx-fade\"><div class=\"inner-block\"><a target=\"_self\"  href=\"https:\/\/academiapastoralnb.org\/es\/que-es-la-teologia-pastoral-1\/\">\u00bfQu\u00e9 es la teolog\u00eda pastoral?<\/a><\/div><\/h2><div class=\"wpr-grid-item-date elementor-repeater-item-08c5ad7 wpr-grid-item-display-inline wpr-grid-item-align-left\"><div class=\"inner-block\"><span>diciembre 16, 2025<span class=\"wpr-grid-extra-text-right\">\/<\/span><\/span><\/div><\/div><div class=\"wpr-grid-item-excerpt elementor-repeater-item-82a8a5b wpr-grid-item-display-block wpr-grid-item-align-left\"><div class=\"inner-block\"><p>Ese departamento de estudio cuyo objetivo es asistir al ministro cristiano en la aplicaci\u00f3n de las verdades del evangelio a los corazones y vidas de los...<\/p><\/div><\/div><\/div><\/div><\/article><article class=\"wpr-grid-item elementor-clearfix post-9076 post type-post status-publish format-standard hentry category-varios\"><div class=\"wpr-grid-item-inner\"><div class=\"wpr-grid-item-below-content elementor-clearfix\"><h2 class=\"wpr-grid-item-title elementor-repeater-item-d3e1031 wpr-grid-item-display-block wpr-grid-item-align-left wpr-pointer-none wpr-pointer-line-fx wpr-pointer-fx-fade\"><div class=\"inner-block\"><a target=\"_self\"  href=\"https:\/\/academiapastoralnb.org\/es\/aniquilacionismo-parte-2\/\">Aniquilacionismo (parte 2)<\/a><\/div><\/h2><div class=\"wpr-grid-item-date elementor-repeater-item-08c5ad7 wpr-grid-item-display-inline wpr-grid-item-align-left\"><div class=\"inner-block\"><span>diciembre 11, 2025<span class=\"wpr-grid-extra-text-right\">\/<\/span><\/span><\/div><\/div><div class=\"wpr-grid-item-excerpt elementor-repeater-item-82a8a5b wpr-grid-item-display-block wpr-grid-item-align-left\"><div class=\"inner-block\"><p>V. Mezcla de Teor\u00edas Debe tenerse en cuenta que los adeptos de estas dos clases de teor\u00edas no son muy cuidadosos en mantenerse estrictamente dentro de...<\/p><\/div><\/div><\/div><\/div><\/article><article class=\"wpr-grid-item elementor-clearfix post-9070 post type-post status-publish format-standard hentry category-varios\"><div class=\"wpr-grid-item-inner\"><div class=\"wpr-grid-item-below-content elementor-clearfix\"><h2 class=\"wpr-grid-item-title elementor-repeater-item-d3e1031 wpr-grid-item-display-block wpr-grid-item-align-left wpr-pointer-none wpr-pointer-line-fx wpr-pointer-fx-fade\"><div class=\"inner-block\"><a target=\"_self\"  href=\"https:\/\/academiapastoralnb.org\/es\/aniquilacionismo-parte-1\/\">Aniquilacionismo (parte 1)<\/a><\/div><\/h2><div class=\"wpr-grid-item-date elementor-repeater-item-08c5ad7 wpr-grid-item-display-inline wpr-grid-item-align-left\"><div class=\"inner-block\"><span>diciembre 11, 2025<span class=\"wpr-grid-extra-text-right\">\/<\/span><\/span><\/div><\/div><div class=\"wpr-grid-item-excerpt elementor-repeater-item-82a8a5b wpr-grid-item-display-block wpr-grid-item-align-left\"><div class=\"inner-block\"><p>Un t\u00e9rmino que designa en sentido amplio un gran conjunto de teor\u00edas que coinciden en sostener que los seres humanos pasan, o son puestos, fuera de...<\/p><\/div><\/div><\/div><\/div><\/article><article class=\"wpr-grid-item elementor-clearfix post-8736 post type-post status-publish format-standard hentry category-teologia-pastoral\"><div class=\"wpr-grid-item-inner\"><div class=\"wpr-grid-item-below-content elementor-clearfix\"><h2 class=\"wpr-grid-item-title elementor-repeater-item-d3e1031 wpr-grid-item-display-block wpr-grid-item-align-left wpr-pointer-none wpr-pointer-line-fx wpr-pointer-fx-fade\"><div class=\"inner-block\"><a target=\"_self\"  href=\"https:\/\/academiapastoralnb.org\/es\/siempre-reformandose-iii\/\">\u00bfSiempre reform\u00e1ndose? III<\/a><\/div><\/h2><div class=\"wpr-grid-item-date elementor-repeater-item-08c5ad7 wpr-grid-item-display-inline wpr-grid-item-align-left\"><div class=\"inner-block\"><span>diciembre 10, 2025<span class=\"wpr-grid-extra-text-right\">\/<\/span><\/span><\/div><\/div><div class=\"wpr-grid-item-excerpt elementor-repeater-item-82a8a5b wpr-grid-item-display-block wpr-grid-item-align-left\"><div class=\"inner-block\"><p>La reforma b\u00edblica debe continuar. Proverbios 4:23 nos advierte: Sobre toda cosa guardada, guarda tu coraz\u00f3n;Porque de \u00e9l mana la vida. Salom\u00f3n contin\u00faa en los vers\u00edculos...<\/p><\/div><\/div><\/div><\/div><\/article><article class=\"wpr-grid-item elementor-clearfix post-8730 post type-post status-publish format-standard hentry category-teologia-pastoral\"><div class=\"wpr-grid-item-inner\"><div class=\"wpr-grid-item-below-content elementor-clearfix\"><h2 class=\"wpr-grid-item-title elementor-repeater-item-d3e1031 wpr-grid-item-display-block wpr-grid-item-align-left wpr-pointer-none wpr-pointer-line-fx wpr-pointer-fx-fade\"><div class=\"inner-block\"><a target=\"_self\"  href=\"https:\/\/academiapastoralnb.org\/es\/siempre-reformandose-ii\/\">\u00bfSiempre reform\u00e1ndose? II<\/a><\/div><\/h2><div class=\"wpr-grid-item-date elementor-repeater-item-08c5ad7 wpr-grid-item-display-inline wpr-grid-item-align-left\"><div class=\"inner-block\"><span>diciembre 10, 2025<span class=\"wpr-grid-extra-text-right\">\/<\/span><\/span><\/div><\/div><div class=\"wpr-grid-item-excerpt elementor-repeater-item-82a8a5b wpr-grid-item-display-block wpr-grid-item-align-left\"><div class=\"inner-block\"><p>La reforma b\u00edblica se extiende a la conducta. Ciertamente, como individuos y como iglesias, debemos examinar continuamente lo que creemos y declaramos (p\u00fablicamente y en privado,...<\/p><\/div><\/div><\/div><\/div><\/article><article class=\"wpr-grid-item elementor-clearfix post-8717 post type-post status-publish format-standard hentry category-teologia-pastoral\"><div class=\"wpr-grid-item-inner\"><div class=\"wpr-grid-item-below-content elementor-clearfix\"><h2 class=\"wpr-grid-item-title elementor-repeater-item-d3e1031 wpr-grid-item-display-block wpr-grid-item-align-left wpr-pointer-none wpr-pointer-line-fx wpr-pointer-fx-fade\"><div class=\"inner-block\"><a target=\"_self\"  href=\"https:\/\/academiapastoralnb.org\/es\/siempre-reformandose-i\/\">\u00bfSiempre reform\u00e1ndose? I<\/a><\/div><\/h2><div class=\"wpr-grid-item-date elementor-repeater-item-08c5ad7 wpr-grid-item-display-inline wpr-grid-item-align-left\"><div class=\"inner-block\"><span>diciembre 10, 2025<span class=\"wpr-grid-extra-text-right\">\/<\/span><\/span><\/div><\/div><div class=\"wpr-grid-item-excerpt elementor-repeater-item-82a8a5b wpr-grid-item-display-block wpr-grid-item-align-left\"><div class=\"inner-block\"><p>Cuando hablamos de la Reforma, generalmente pensamos en la poderosa obra que Dios llev\u00f3 a cabo en la Europa del siglo XVI. Durante ese per\u00edodo, \u00c9l...<\/p><\/div><\/div><\/div><\/div><\/article><article class=\"wpr-grid-item elementor-clearfix post-6248 post type-post status-publish format-standard hentry category-varios\"><div class=\"wpr-grid-item-inner\"><div class=\"wpr-grid-item-below-content elementor-clearfix\"><h2 class=\"wpr-grid-item-title elementor-repeater-item-d3e1031 wpr-grid-item-display-block wpr-grid-item-align-left wpr-pointer-none wpr-pointer-line-fx wpr-pointer-fx-fade\"><div class=\"inner-block\"><a target=\"_self\"  href=\"https:\/\/academiapastoralnb.org\/es\/la-adoracion-cristiana-modelada-segun-la-judia\/\">La adoraci\u00f3n cristiana modelada seg\u00fan la jud\u00eda<\/a><\/div><\/h2><div class=\"wpr-grid-item-date elementor-repeater-item-08c5ad7 wpr-grid-item-display-inline wpr-grid-item-align-left\"><div class=\"inner-block\"><span>diciembre 1, 2025<span class=\"wpr-grid-extra-text-right\">\/<\/span><\/span><\/div><\/div><div class=\"wpr-grid-item-excerpt elementor-repeater-item-82a8a5b wpr-grid-item-display-block wpr-grid-item-align-left\"><div class=\"inner-block\"><p>El olivo natural contin\u00faa de una era a la siguiente, aunque con ramas jud\u00edas incr\u00e9dulas quebradas y ramas gentiles creyentes injertadas. Es el mismo \u00e1rbol, sin...<\/p><\/div><\/div><\/div><\/div><\/article><article class=\"wpr-grid-item elementor-clearfix post-6231 post type-post status-publish format-standard hentry category-varios\"><div class=\"wpr-grid-item-inner\"><div class=\"wpr-grid-item-below-content elementor-clearfix\"><h2 class=\"wpr-grid-item-title elementor-repeater-item-d3e1031 wpr-grid-item-display-block wpr-grid-item-align-left wpr-pointer-none wpr-pointer-line-fx wpr-pointer-fx-fade\"><div class=\"inner-block\"><a target=\"_self\"  href=\"https:\/\/academiapastoralnb.org\/es\/compromiso-eclesiastico-comprometido-y-el-colapso-de-la-verdad\/\">Compromiso eclesi\u00e1stico comprometido y el colapso de la verdad<\/a><\/div><\/h2><div class=\"wpr-grid-item-date elementor-repeater-item-08c5ad7 wpr-grid-item-display-inline wpr-grid-item-align-left\"><div class=\"inner-block\"><span>diciembre 1, 2025<span class=\"wpr-grid-extra-text-right\">\/<\/span><\/span><\/div><\/div><div class=\"wpr-grid-item-excerpt elementor-repeater-item-82a8a5b wpr-grid-item-display-block wpr-grid-item-align-left\"><div class=\"inner-block\"><p>Pablo nos da una definici\u00f3n profunda y centrada en Dios de la iglesia como la casa [hogar] del Dios viviente.\u00a0El Dios viviente es el Dios verdadero...<\/p><\/div><\/div><\/div><\/div><\/article><\/section>\t\t\t\t<\/div>\n\t\t\t\t<\/div>\n\t\t<div class=\"elementor-element elementor-element-0872117 e-con-full e-flex wpr-particle-no wpr-jarallax-no wpr-parallax-no wpr-sticky-section-no wpr-equal-height-no elementor-invisible e-con e-child\" data-id=\"0872117\" data-element_type=\"container\" data-e-type=\"container\" data-settings=\"{&quot;background_background&quot;:&quot;classic&quot;,&quot;animation&quot;:&quot;fadeIn&quot;}\">\n\t\t\t\t<div class=\"elementor-element elementor-element-dda8733 elementor-widget elementor-widget-heading\" data-id=\"dda8733\" data-element_type=\"widget\" data-e-type=\"widget\" data-widget_type=\"heading.default\">\n\t\t\t\t\t<h2 class=\"elementor-heading-title elementor-size-default\">Art\u00edculos Recomendados<\/h2>\t\t\t\t<\/div>\n\t\t\t\t<div class=\"elementor-element elementor-element-99b5a4d elementor-widget elementor-widget-text-editor\" data-id=\"99b5a4d\" data-element_type=\"widget\" data-e-type=\"widget\" data-widget_type=\"text-editor.default\">\n\t\t\t\t\t\t\t\t\t<p>La Academia Pastoral presenta esta serie de art\u00edculos para fortalecer la formaci\u00f3n b\u00edblica y ministerial, ofreciendo reflexi\u00f3n teol\u00f3gica y orientaci\u00f3n pr\u00e1ctica con fidelidad a las Escrituras, a fin de edificar la iglesia y apoyar el crecimiento de pastores, l\u00edderes y creyentes.<\/p>\t\t\t\t\t\t\t\t<\/div>\n\t\t\t\t<div class=\"elementor-element elementor-element-741084a elementor-widget-divider--view-line elementor-widget elementor-widget-divider\" data-id=\"741084a\" data-element_type=\"widget\" data-e-type=\"widget\" data-widget_type=\"divider.default\">\n\t\t\t\t\t\t\t<div class=\"elementor-divider\">\n\t\t\t<span class=\"elementor-divider-separator\">\n\t\t\t\t\t\t<\/span>\n\t\t<\/div>\n\t\t\t\t\t\t<\/div>\n\t\t\t\t<div class=\"elementor-element elementor-element-699f3bb elementor-widget elementor-widget-heading\" data-id=\"699f3bb\" data-element_type=\"widget\" data-e-type=\"widget\" data-widget_type=\"heading.default\">\n\t\t\t\t\t<h2 class=\"elementor-heading-title elementor-size-default\">Art\u00edculos recientes<\/h2>\t\t\t\t<\/div>\n\t\t\t\t<div class=\"elementor-element elementor-element-4550f36 wpr-grid-columns-1 wpr-grid-columns--laptop1 wpr-grid-columns--tablet2 wpr-grid-columns--mobile1 wpr-item-styles-inner elementor-widget elementor-widget-wpr-grid\" data-id=\"4550f36\" data-element_type=\"widget\" data-e-type=\"widget\" data-widget_type=\"wpr-grid.default\">\n\t\t\t\t\t<ul class=\"wpr-grid-filters elementor-clearfix wpr-grid-filters-sep-right\"><li class=\" wpr-pointer-none wpr-pointer-line-fx wpr-pointer-fx-none\"><span  data-filter=\"*\" class=\"wpr-grid-filters-item wpr-active-filter \">All Posts<\/span><em class=\"wpr-grid-filters-sep\"><\/em><\/li><li class=\" wpr-pointer-none wpr-pointer-line-fx wpr-pointer-fx-none\"><span   data-ajax-filter=[\"category\",\"teologia-pastoral\"]  data-filter=\".category-teologia-pastoral\">Teolog\u00eda Pastoral<\/span><em class=\"wpr-grid-filters-sep\"><\/em><\/li><li class=\" wpr-pointer-none wpr-pointer-line-fx wpr-pointer-fx-none\"><span   data-ajax-filter=[\"category\",\"varios\"]  data-filter=\".category-varios\">Varios<\/span><em class=\"wpr-grid-filters-sep\"><\/em><\/li><\/ul><section class=\"wpr-grid elementor-clearfix\" data-settings=\"{&quot;layout&quot;:&quot;list&quot;,&quot;stick_last_element_to_bottom&quot;:&quot;no&quot;,&quot;columns_desktop&quot;:&quot;1&quot;,&quot;gutter_hr&quot;:30,&quot;gutter_hr_mobile&quot;:30,&quot;gutter_hr_mobile_extra&quot;:30,&quot;gutter_hr_tablet&quot;:30,&quot;gutter_hr_tablet_extra&quot;:30,&quot;gutter_hr_laptop&quot;:30,&quot;gutter_hr_widescreen&quot;:30,&quot;gutter_vr&quot;:10,&quot;gutter_vr_mobile&quot;:30,&quot;gutter_vr_mobile_extra&quot;:30,&quot;gutter_vr_tablet&quot;:30,&quot;gutter_vr_tablet_extra&quot;:30,&quot;gutter_vr_laptop&quot;:30,&quot;gutter_vr_widescreen&quot;:10,&quot;animation&quot;:&quot;default&quot;,&quot;animation_duration&quot;:0.299999999999999988897769753748434595763683319091796875,&quot;animation_delay&quot;:0.1000000000000000055511151231257827021181583404541015625,&quot;deeplinking&quot;:&quot;&quot;,&quot;filters_linkable&quot;:&quot;no&quot;,&quot;filters_default_filter&quot;:&quot;&quot;,&quot;filters_count&quot;:&quot;&quot;,&quot;filters_hide_empty&quot;:&quot;no&quot;,&quot;filters_animation&quot;:&quot;default&quot;,&quot;filters_animation_duration&quot;:0.299999999999999988897769753748434595763683319091796875,&quot;filters_animation_delay&quot;:0.1000000000000000055511151231257827021181583404541015625,&quot;pagination_type&quot;:&quot;load-more&quot;,&quot;pagination_max_pages&quot;:3,&quot;media_align&quot;:&quot;left&quot;,&quot;media_width&quot;:&quot;&quot;,&quot;media_distance&quot;:9,&quot;lightbox&quot;:{&quot;selector&quot;:&quot;.wpr-grid-image-wrap&quot;,&quot;iframeMaxWidth&quot;:&quot;60%&quot;,&quot;hash&quot;:false,&quot;autoplay&quot;:&quot;true&quot;,&quot;pause&quot;:5000,&quot;progressBar&quot;:&quot;true&quot;,&quot;counter&quot;:&quot;true&quot;,&quot;controls&quot;:&quot;true&quot;,&quot;getCaptionFromTitleOrAlt&quot;:&quot;true&quot;,&quot;thumbnail&quot;:&quot;&quot;,&quot;showThumbByDefault&quot;:&quot;&quot;,&quot;share&quot;:&quot;&quot;,&quot;zoom&quot;:&quot;true&quot;,&quot;fullScreen&quot;:&quot;true&quot;,&quot;download&quot;:&quot;true&quot;}}\" data-advanced-filters=\"no\"><article class=\"wpr-grid-item elementor-clearfix post-9275 post type-post status-publish format-standard hentry category-teologia-pastoral\"><div class=\"wpr-grid-item-inner\"><div class=\"wpr-grid-item-below-content elementor-clearfix\"><h2 class=\"wpr-grid-item-title elementor-repeater-item-a1b13d0 wpr-grid-item-display-block wpr-grid-item-align-left wpr-pointer-none wpr-pointer-line-fx wpr-pointer-fx-fade\"><div class=\"inner-block\"><a target=\"_self\"  href=\"https:\/\/academiapastoralnb.org\/es\/que-es-la-teologia-pastoral-1\/\">\u00bfQu\u00e9 es la teolog\u00eda pastoral?<\/a><\/div><\/h2><div class=\"wpr-grid-item-excerpt elementor-repeater-item-09d8c78 wpr-grid-item-display-block wpr-grid-item-align-left\"><div class=\"inner-block\"><p>Ese departamento de estudio cuyo objetivo es asistir al ministro cristiano en la aplicaci\u00f3n de...<\/p><\/div><\/div><\/div><\/div><\/article><article class=\"wpr-grid-item elementor-clearfix post-9076 post type-post status-publish format-standard hentry category-varios\"><div class=\"wpr-grid-item-inner\"><div class=\"wpr-grid-item-below-content elementor-clearfix\"><h2 class=\"wpr-grid-item-title elementor-repeater-item-a1b13d0 wpr-grid-item-display-block wpr-grid-item-align-left wpr-pointer-none wpr-pointer-line-fx wpr-pointer-fx-fade\"><div class=\"inner-block\"><a target=\"_self\"  href=\"https:\/\/academiapastoralnb.org\/es\/aniquilacionismo-parte-2\/\">Aniquilacionismo (parte 2)<\/a><\/div><\/h2><div class=\"wpr-grid-item-excerpt elementor-repeater-item-09d8c78 wpr-grid-item-display-block wpr-grid-item-align-left\"><div class=\"inner-block\"><p>V. Mezcla de Teor\u00edas Debe tenerse en cuenta que los adeptos de estas dos clases...<\/p><\/div><\/div><\/div><\/div><\/article><article class=\"wpr-grid-item elementor-clearfix post-9070 post type-post status-publish format-standard hentry category-varios\"><div class=\"wpr-grid-item-inner\"><div class=\"wpr-grid-item-below-content elementor-clearfix\"><h2 class=\"wpr-grid-item-title elementor-repeater-item-a1b13d0 wpr-grid-item-display-block wpr-grid-item-align-left wpr-pointer-none wpr-pointer-line-fx wpr-pointer-fx-fade\"><div class=\"inner-block\"><a target=\"_self\"  href=\"https:\/\/academiapastoralnb.org\/es\/aniquilacionismo-parte-1\/\">Aniquilacionismo (parte 1)<\/a><\/div><\/h2><div class=\"wpr-grid-item-excerpt elementor-repeater-item-09d8c78 wpr-grid-item-display-block wpr-grid-item-align-left\"><div class=\"inner-block\"><p>Un t\u00e9rmino que designa en sentido amplio un gran conjunto de teor\u00edas que coinciden en...<\/p><\/div><\/div><\/div><\/div><\/article><\/section>\t\t\t\t<\/div>\n\t\t\t\t<div class=\"elementor-element elementor-element-3dcee90 elementor-widget-divider--view-line elementor-widget elementor-widget-divider\" data-id=\"3dcee90\" data-element_type=\"widget\" data-e-type=\"widget\" data-widget_type=\"divider.default\">\n\t\t\t\t\t\t\t<div class=\"elementor-divider\">\n\t\t\t<span class=\"elementor-divider-separator\">\n\t\t\t\t\t\t<\/span>\n\t\t<\/div>\n\t\t\t\t\t\t<\/div>\n\t\t\t\t<div class=\"elementor-element elementor-element-fe5765a elementor-widget elementor-widget-heading\" data-id=\"fe5765a\" data-element_type=\"widget\" data-e-type=\"widget\" data-widget_type=\"heading.default\">\n\t\t\t\t\t<h2 class=\"elementor-heading-title elementor-size-default\"><a href=\"https:\/\/academiapastoralnb.org\/es\/podcast-academia-pastoral\/\">Podcast Academia Pastoral<\/a><\/h2>\t\t\t\t<\/div>\n\t\t\t\t<div class=\"elementor-element elementor-element-d9cc9f1 elementor-widget elementor-widget-image\" data-id=\"d9cc9f1\" data-element_type=\"widget\" data-e-type=\"widget\" data-widget_type=\"image.default\">\n\t\t\t\t\t\t\t\t\t\t\t\t\t\t\t<img fetchpriority=\"high\" decoding=\"async\" width=\"960\" height=\"540\" src=\"https:\/\/academiapastoralnb.org\/wp-content\/uploads\/2025\/12\/entrevista_bonilozano-1024x576.jpg\" class=\"attachment-large size-large wp-image-8453\" alt=\"\" srcset=\"https:\/\/academiapastoralnb.org\/wp-content\/uploads\/2025\/12\/entrevista_bonilozano-1024x576.jpg 1024w, https:\/\/academiapastoralnb.org\/wp-content\/uploads\/2025\/12\/entrevista_bonilozano-300x169.jpg 300w, https:\/\/academiapastoralnb.org\/wp-content\/uploads\/2025\/12\/entrevista_bonilozano-768x432.jpg 768w, https:\/\/academiapastoralnb.org\/wp-content\/uploads\/2025\/12\/entrevista_bonilozano-18x10.jpg 18w, https:\/\/academiapastoralnb.org\/wp-content\/uploads\/2025\/12\/entrevista_bonilozano.jpg 1280w\" sizes=\"(max-width: 960px) 100vw, 960px\" \/>\t\t\t\t\t\t\t\t\t\t\t\t\t\t\t<\/div>\n\t\t<div class=\"elementor-element elementor-element-16e62ab e-grid e-con-full wpr-particle-no wpr-jarallax-no wpr-parallax-no wpr-sticky-section-no wpr-equal-height-no e-con e-child\" data-id=\"16e62ab\" data-element_type=\"container\" data-e-type=\"container\">\n\t\t\t\t<div class=\"elementor-element elementor-element-af89829 elementor-align-right elementor-widget elementor-widget-button\" data-id=\"af89829\" data-element_type=\"widget\" data-e-type=\"widget\" data-widget_type=\"button.default\">\n\t\t\t\t\t\t\t\t\t\t<a class=\"elementor-button elementor-button-link elementor-size-sm\" href=\"https:\/\/academiapastoralnb.org\/es\/entrevista-pr-bonifacio-lozano\/\">\n\t\t\t\t\t\t<span class=\"elementor-button-content-wrapper\">\n\t\t\t\t\t\t\t\t\t<span class=\"elementor-button-text\">Espa\u00f1ol<\/span>\n\t\t\t\t\t<\/span>\n\t\t\t\t\t<\/a>\n\t\t\t\t\t\t\t\t<\/div>\n\t\t\t\t<div class=\"elementor-element elementor-element-a29c4e3 elementor-align-left elementor-widget elementor-widget-button\" data-id=\"a29c4e3\" data-element_type=\"widget\" data-e-type=\"widget\" data-widget_type=\"button.default\">\n\t\t\t\t\t\t\t\t\t\t<a class=\"elementor-button elementor-button-link elementor-size-sm\" href=\"https:\/\/academiapastoralnb.org\/en\/interview-rev-bonifacio-lozano\/\">\n\t\t\t\t\t\t<span class=\"elementor-button-content-wrapper\">\n\t\t\t\t\t\t\t\t\t<span class=\"elementor-button-text\">Ingl\u00e9s<\/span>\n\t\t\t\t\t<\/span>\n\t\t\t\t\t<\/a>\n\t\t\t\t\t\t\t\t<\/div>\n\t\t\t\t<\/div>\n\t\t\t\t<div class=\"elementor-element elementor-element-cae9f37 elementor-widget elementor-widget-image\" data-id=\"cae9f37\" data-element_type=\"widget\" data-e-type=\"widget\" data-widget_type=\"image.default\">\n\t\t\t\t\t\t\t\t\t\t\t\t\t\t\t<img decoding=\"async\" width=\"686\" height=\"386\" src=\"https:\/\/academiapastoralnb.org\/wp-content\/uploads\/2025\/12\/entrevista_josearias.jpg\" class=\"attachment-large size-large wp-image-8460\" alt=\"\" srcset=\"https:\/\/academiapastoralnb.org\/wp-content\/uploads\/2025\/12\/entrevista_josearias.jpg 686w, https:\/\/academiapastoralnb.org\/wp-content\/uploads\/2025\/12\/entrevista_josearias-300x169.jpg 300w, https:\/\/academiapastoralnb.org\/wp-content\/uploads\/2025\/12\/entrevista_josearias-18x10.jpg 18w\" sizes=\"(max-width: 686px) 100vw, 686px\" \/>\t\t\t\t\t\t\t\t\t\t\t\t\t\t\t<\/div>\n\t\t<div class=\"elementor-element elementor-element-f4085ab e-grid e-con-full wpr-particle-no wpr-jarallax-no wpr-parallax-no wpr-sticky-section-no wpr-equal-height-no e-con e-child\" data-id=\"f4085ab\" data-element_type=\"container\" data-e-type=\"container\">\n\t\t\t\t<div class=\"elementor-element elementor-element-158a1e8 elementor-align-right elementor-widget elementor-widget-button\" data-id=\"158a1e8\" data-element_type=\"widget\" data-e-type=\"widget\" data-widget_type=\"button.default\">\n\t\t\t\t\t\t\t\t\t\t<a class=\"elementor-button elementor-button-link elementor-size-sm\" href=\"https:\/\/academiapastoralnb.org\/es\/entrevista-pr-jose-antonio-arias\/\">\n\t\t\t\t\t\t<span class=\"elementor-button-content-wrapper\">\n\t\t\t\t\t\t\t\t\t<span class=\"elementor-button-text\">Espa\u00f1ol<\/span>\n\t\t\t\t\t<\/span>\n\t\t\t\t\t<\/a>\n\t\t\t\t\t\t\t\t<\/div>\n\t\t\t\t<div class=\"elementor-element elementor-element-a5e2068 elementor-align-left elementor-widget elementor-widget-button\" data-id=\"a5e2068\" data-element_type=\"widget\" data-e-type=\"widget\" data-widget_type=\"button.default\">\n\t\t\t\t\t\t\t\t\t\t<a class=\"elementor-button elementor-button-link elementor-size-sm\" href=\"https:\/\/academiapastoralnb.org\/en\/interview-rev-jose-antonio-arias\/\">\n\t\t\t\t\t\t<span class=\"elementor-button-content-wrapper\">\n\t\t\t\t\t\t\t\t\t<span class=\"elementor-button-text\">Ingl\u00e9s<\/span>\n\t\t\t\t\t<\/span>\n\t\t\t\t\t<\/a>\n\t\t\t\t\t\t\t\t<\/div>\n\t\t\t\t<\/div>\n\t\t\t\t<div class=\"elementor-element elementor-element-6ea8ecf elementor-widget elementor-widget-image\" data-id=\"6ea8ecf\" data-element_type=\"widget\" data-e-type=\"widget\" data-widget_type=\"image.default\">\n\t\t\t\t\t\t\t\t\t\t\t\t\t\t\t<img decoding=\"async\" width=\"960\" height=\"540\" src=\"https:\/\/academiapastoralnb.org\/wp-content\/uploads\/2025\/12\/entrevista_jpcruz-1024x576.jpg\" class=\"attachment-large size-large wp-image-8464\" alt=\"\" srcset=\"https:\/\/academiapastoralnb.org\/wp-content\/uploads\/2025\/12\/entrevista_jpcruz-1024x576.jpg 1024w, https:\/\/academiapastoralnb.org\/wp-content\/uploads\/2025\/12\/entrevista_jpcruz-300x169.jpg 300w, https:\/\/academiapastoralnb.org\/wp-content\/uploads\/2025\/12\/entrevista_jpcruz-768x432.jpg 768w, https:\/\/academiapastoralnb.org\/wp-content\/uploads\/2025\/12\/entrevista_jpcruz-18x10.jpg 18w, https:\/\/academiapastoralnb.org\/wp-content\/uploads\/2025\/12\/entrevista_jpcruz.jpg 1280w\" sizes=\"(max-width: 960px) 100vw, 960px\" \/>\t\t\t\t\t\t\t\t\t\t\t\t\t\t\t<\/div>\n\t\t<div class=\"elementor-element elementor-element-63e7d4c e-grid e-con-full wpr-particle-no wpr-jarallax-no wpr-parallax-no wpr-sticky-section-no wpr-equal-height-no e-con e-child\" data-id=\"63e7d4c\" data-element_type=\"container\" data-e-type=\"container\">\n\t\t\t\t<div class=\"elementor-element elementor-element-d99b731 elementor-align-right elementor-widget elementor-widget-button\" data-id=\"d99b731\" data-element_type=\"widget\" data-e-type=\"widget\" data-widget_type=\"button.default\">\n\t\t\t\t\t\t\t\t\t\t<a class=\"elementor-button elementor-button-link elementor-size-sm\" href=\"https:\/\/academiapastoralnb.org\/es\/entrevista-pr-juan-pablo-cruz\/\">\n\t\t\t\t\t\t<span class=\"elementor-button-content-wrapper\">\n\t\t\t\t\t\t\t\t\t<span class=\"elementor-button-text\">Espa\u00f1ol<\/span>\n\t\t\t\t\t<\/span>\n\t\t\t\t\t<\/a>\n\t\t\t\t\t\t\t\t<\/div>\n\t\t\t\t<div class=\"elementor-element elementor-element-9c03d44 elementor-align-left elementor-widget elementor-widget-button\" data-id=\"9c03d44\" data-element_type=\"widget\" data-e-type=\"widget\" data-widget_type=\"button.default\">\n\t\t\t\t\t\t\t\t\t\t<a class=\"elementor-button elementor-button-link elementor-size-sm\" href=\"https:\/\/academiapastoralnb.org\/en\/interview-rev-juan-pablo-cruz\/\">\n\t\t\t\t\t\t<span class=\"elementor-button-content-wrapper\">\n\t\t\t\t\t\t\t\t\t<span class=\"elementor-button-text\">Ingl\u00e9s<\/span>\n\t\t\t\t\t<\/span>\n\t\t\t\t\t<\/a>\n\t\t\t\t\t\t\t\t<\/div>\n\t\t\t\t<\/div>\n\t\t\t\t<div class=\"elementor-element elementor-element-60b13a6 elementor-widget-divider--view-line elementor-widget elementor-widget-divider\" data-id=\"60b13a6\" data-element_type=\"widget\" data-e-type=\"widget\" data-widget_type=\"divider.default\">\n\t\t\t\t\t\t\t<div class=\"elementor-divider\">\n\t\t\t<span class=\"elementor-divider-separator\">\n\t\t\t\t\t\t<\/span>\n\t\t<\/div>\n\t\t\t\t\t\t<\/div>\n\t\t\t\t<div class=\"elementor-element elementor-element-adeb741 elementor-widget elementor-widget-heading\" data-id=\"adeb741\" data-element_type=\"widget\" data-e-type=\"widget\" data-widget_type=\"heading.default\">\n\t\t\t\t\t<h2 class=\"elementor-heading-title elementor-size-default\">Temas<\/h2>\t\t\t\t<\/div>\n\t\t\t\t<div class=\"elementor-element elementor-element-92d8043 wpr-taxonomy-list-vertical elementor-widget elementor-widget-wpr-taxonomy-list\" data-id=\"92d8043\" data-element_type=\"widget\" data-e-type=\"widget\" data-widget_type=\"wpr-taxonomy-list.default\">\n\t\t\t\t\t<ul class=\"wpr-taxonomy-list\" data-show-on-click=\"\"><li class=\"wpr-taxonomy\"data-term-id=\"84\"><a target=\"_self\" href=\"https:\/\/academiapastoralnb.org\/es\/category\/teologia-pastoral\/\"><span class=\"wpr-tax-wrap\"> <span><\/span><span>Teolog\u00eda Pastoral<\/span><\/span><span><span class=\"wpr-term-count\">&nbsp;(4)<\/span><\/span><\/a><\/li><li class=\"wpr-taxonomy\"data-term-id=\"1\"><a target=\"_self\" href=\"https:\/\/academiapastoralnb.org\/es\/category\/varios\/\"><span class=\"wpr-tax-wrap\"> <span><\/span><span>Varios<\/span><\/span><span><span class=\"wpr-term-count\">&nbsp;(4)<\/span><\/span><\/a><\/li><\/ul>\t\t\t\t<\/div>\n\t\t\t\t<div class=\"elementor-element elementor-element-80eb826 elementor-widget elementor-widget-heading\" data-id=\"80eb826\" data-element_type=\"widget\" data-e-type=\"widget\" data-widget_type=\"heading.default\">\n\t\t\t\t\t<h2 class=\"elementor-heading-title elementor-size-default\">Tags<\/h2>\t\t\t\t<\/div>\n\t\t\t\t<div class=\"elementor-element elementor-element-1e65630 wpr-taxonomy-list-horizontal elementor-widget elementor-widget-wpr-taxonomy-list\" data-id=\"1e65630\" data-element_type=\"widget\" data-e-type=\"widget\" data-widget_type=\"wpr-taxonomy-list.default\">\n\t\t\t\t\t<ul class=\"wpr-taxonomy-list\" data-show-on-click=\"\"><\/ul>\t\t\t\t<\/div>\n\t\t\t\t<\/div>\n\t\t\t\t\t<\/div>\n\t\t\t\t<\/div>\n\t\t\t\t<\/div>\n\t\t","protected":false},"excerpt":{"rendered":"<p>Art\u00edculos Recomendados Inicio Blog Todos Teolog\u00eda Pastoral Varios \u00bfQu\u00e9 es la teolog\u00eda pastoral? diciembre 16, 2025\/ Ese departamento de estudio cuyo objetivo es asistir al ministro cristiano en la aplicaci\u00f3n de las verdades del evangelio a los corazones y vidas de los&#8230; Aniquilacionismo (parte 2) diciembre 11, 2025\/ V. Mezcla de Teor\u00edas Debe tenerse en cuenta que los adeptos de estas dos clases de teor\u00edas no son muy cuidadosos en mantenerse estrictamente dentro de&#8230; Aniquilacionismo (parte 1) diciembre 11, 2025\/ Un t\u00e9rmino que designa en sentido amplio un gran conjunto de teor\u00edas que coinciden en sostener que los seres humanos pasan, o son puestos, fuera de&#8230; \u00bfSiempre reform\u00e1ndose? III diciembre 10, 2025\/ La reforma b\u00edblica debe continuar. Proverbios 4:23 nos advierte: Sobre toda cosa guardada, guarda tu coraz\u00f3n;Porque de \u00e9l mana la vida. Salom\u00f3n contin\u00faa en los vers\u00edculos&#8230; \u00bfSiempre reform\u00e1ndose? II diciembre 10, 2025\/ La reforma b\u00edblica se extiende a la conducta. Ciertamente, como individuos y como iglesias, debemos examinar continuamente lo que creemos y declaramos (p\u00fablicamente y en privado,&#8230; \u00bfSiempre reform\u00e1ndose? I diciembre 10, 2025\/ Cuando hablamos de la Reforma, generalmente pensamos en la poderosa obra que Dios llev\u00f3 a cabo en la Europa del siglo XVI. Durante ese per\u00edodo, \u00c9l&#8230; La adoraci\u00f3n cristiana modelada seg\u00fan la jud\u00eda diciembre 1, 2025\/ El olivo natural contin\u00faa de una era a la siguiente, aunque con ramas jud\u00edas incr\u00e9dulas quebradas y ramas gentiles creyentes injertadas. Es el mismo \u00e1rbol, sin&#8230; Compromiso eclesi\u00e1stico comprometido y el colapso de la verdad diciembre 1, 2025\/ Pablo nos da una definici\u00f3n profunda y centrada en Dios de la iglesia como la casa [hogar] del Dios viviente.\u00a0El Dios viviente es el Dios verdadero&#8230; Art\u00edculos Recomendados La Academia Pastoral presenta esta serie de art\u00edculos para fortalecer la formaci\u00f3n b\u00edblica y ministerial, ofreciendo reflexi\u00f3n teol\u00f3gica y orientaci\u00f3n pr\u00e1ctica con fidelidad a las Escrituras, a fin de edificar la iglesia y apoyar el crecimiento de pastores, l\u00edderes y creyentes. Art\u00edculos recientes All Posts Teolog\u00eda Pastoral Varios \u00bfQu\u00e9 es la teolog\u00eda pastoral? Ese departamento de estudio cuyo objetivo es asistir al ministro cristiano en la aplicaci\u00f3n de&#8230; Aniquilacionismo (parte 2) V. Mezcla de Teor\u00edas Debe tenerse en cuenta que los adeptos de estas dos clases&#8230; Aniquilacionismo (parte 1) Un t\u00e9rmino que designa en sentido amplio un gran conjunto de teor\u00edas que coinciden en&#8230; Podcast Academia Pastoral Espa\u00f1ol Ingl\u00e9s Espa\u00f1ol Ingl\u00e9s Espa\u00f1ol Ingl\u00e9s Temas Teolog\u00eda Pastoral&nbsp;(4) Varios&nbsp;(4) Tags<\/p>\n","protected":false},"author":1,"featured_media":0,"parent":0,"menu_order":0,"comment_status":"closed","ping_status":"closed","template":"elementor_canvas","meta":{"footnotes":""},"class_list":["post-6204","page","type-page","status-publish","hentry"],"yoast_head":"<!-- This site is optimized with the Yoast SEO plugin v27.5 - https:\/\/yoast.com\/product\/yoast-seo-wordpress\/ -->\n<title>Blog - Academia Pastoral de North Bergen<\/title>\n<meta name=\"robots\" content=\"index, follow, max-snippet:-1, max-image-preview:large, max-video-preview:-1\" \/>\n<link rel=\"canonical\" href=\"https:\/\/academiapastoralnb.org\/es\/blog\/\" \/>\n<meta property=\"og:locale\" content=\"es_ES\" \/>\n<meta property=\"og:type\" content=\"article\" \/>\n<meta property=\"og:title\" content=\"Blog - Academia Pastoral de North Bergen\" \/>\n<meta property=\"og:description\" content=\"Art\u00edculos Recomendados Inicio Blog Todos Teolog\u00eda Pastoral Varios \u00bfQu\u00e9 es la teolog\u00eda pastoral? diciembre 16, 2025\/ Ese departamento de estudio cuyo objetivo es asistir al ministro cristiano en la aplicaci\u00f3n de las verdades del evangelio a los corazones y vidas de los&#8230; Aniquilacionismo (parte 2) diciembre 11, 2025\/ V. Mezcla de Teor\u00edas Debe tenerse en cuenta que los adeptos de estas dos clases de teor\u00edas no son muy cuidadosos en mantenerse estrictamente dentro de&#8230; Aniquilacionismo (parte 1) diciembre 11, 2025\/ Un t\u00e9rmino que designa en sentido amplio un gran conjunto de teor\u00edas que coinciden en sostener que los seres humanos pasan, o son puestos, fuera de&#8230; \u00bfSiempre reform\u00e1ndose? III diciembre 10, 2025\/ La reforma b\u00edblica debe continuar. Proverbios 4:23 nos advierte: Sobre toda cosa guardada, guarda tu coraz\u00f3n;Porque de \u00e9l mana la vida. Salom\u00f3n contin\u00faa en los vers\u00edculos&#8230; \u00bfSiempre reform\u00e1ndose? II diciembre 10, 2025\/ La reforma b\u00edblica se extiende a la conducta. Ciertamente, como individuos y como iglesias, debemos examinar continuamente lo que creemos y declaramos (p\u00fablicamente y en privado,&#8230; \u00bfSiempre reform\u00e1ndose? I diciembre 10, 2025\/ Cuando hablamos de la Reforma, generalmente pensamos en la poderosa obra que Dios llev\u00f3 a cabo en la Europa del siglo XVI. Durante ese per\u00edodo, \u00c9l&#8230; La adoraci\u00f3n cristiana modelada seg\u00fan la jud\u00eda diciembre 1, 2025\/ El olivo natural contin\u00faa de una era a la siguiente, aunque con ramas jud\u00edas incr\u00e9dulas quebradas y ramas gentiles creyentes injertadas. Es el mismo \u00e1rbol, sin&#8230; Compromiso eclesi\u00e1stico comprometido y el colapso de la verdad diciembre 1, 2025\/ Pablo nos da una definici\u00f3n profunda y centrada en Dios de la iglesia como la casa [hogar] del Dios viviente.\u00a0El Dios viviente es el Dios verdadero&#8230; Art\u00edculos Recomendados La Academia Pastoral presenta esta serie de art\u00edculos para fortalecer la formaci\u00f3n b\u00edblica y ministerial, ofreciendo reflexi\u00f3n teol\u00f3gica y orientaci\u00f3n pr\u00e1ctica con fidelidad a las Escrituras, a fin de edificar la iglesia y apoyar el crecimiento de pastores, l\u00edderes y creyentes. Art\u00edculos recientes All Posts Teolog\u00eda Pastoral Varios \u00bfQu\u00e9 es la teolog\u00eda pastoral? Ese departamento de estudio cuyo objetivo es asistir al ministro cristiano en la aplicaci\u00f3n de&#8230; Aniquilacionismo (parte 2) V. Mezcla de Teor\u00edas Debe tenerse en cuenta que los adeptos de estas dos clases&#8230; Aniquilacionismo (parte 1) Un t\u00e9rmino que designa en sentido amplio un gran conjunto de teor\u00edas que coinciden en&#8230; Podcast Academia Pastoral Espa\u00f1ol Ingl\u00e9s Espa\u00f1ol Ingl\u00e9s Espa\u00f1ol Ingl\u00e9s Temas Teolog\u00eda Pastoral&nbsp;(4) Varios&nbsp;(4) Tags\" \/>\n<meta property=\"og:url\" content=\"https:\/\/academiapastoralnb.org\/es\/blog\/\" \/>\n<meta property=\"og:site_name\" content=\"Academia Pastoral de North Bergen\" \/>\n<meta property=\"article:modified_time\" content=\"2025-12-17T17:43:40+00:00\" \/>\n<meta property=\"og:image\" content=\"https:\/\/academiapastoralnb.org\/wp-content\/uploads\/2025\/12\/entrevista_bonilozano-1024x576.jpg\" \/>\n<meta name=\"twitter:card\" content=\"summary_large_image\" \/>\n<meta name=\"twitter:label1\" content=\"Tiempo de lectura\" \/>\n\t<meta name=\"twitter:data1\" content=\"2 minutos\" \/>\n<script type=\"application\/ld+json\" class=\"yoast-schema-graph\">{\"@context\":\"https:\\\/\\\/schema.org\",\"@graph\":[{\"@type\":\"WebPage\",\"@id\":\"https:\\\/\\\/academiapastoralnb.org\\\/blog\\\/\",\"url\":\"https:\\\/\\\/academiapastoralnb.org\\\/blog\\\/\",\"name\":\"Blog - Academia Pastoral de North Bergen\",\"isPartOf\":{\"@id\":\"https:\\\/\\\/academiapastoralnb.org\\\/#website\"},\"primaryImageOfPage\":{\"@id\":\"https:\\\/\\\/academiapastoralnb.org\\\/blog\\\/#primaryimage\"},\"image\":{\"@id\":\"https:\\\/\\\/academiapastoralnb.org\\\/blog\\\/#primaryimage\"},\"thumbnailUrl\":\"https:\\\/\\\/academiapastoralnb.org\\\/wp-content\\\/uploads\\\/2025\\\/12\\\/entrevista_bonilozano-1024x576.jpg\",\"datePublished\":\"2025-12-01T16:07:36+00:00\",\"dateModified\":\"2025-12-17T17:43:40+00:00\",\"breadcrumb\":{\"@id\":\"https:\\\/\\\/academiapastoralnb.org\\\/blog\\\/#breadcrumb\"},\"inLanguage\":\"es\",\"potentialAction\":[{\"@type\":\"ReadAction\",\"target\":[\"https:\\\/\\\/academiapastoralnb.org\\\/blog\\\/\"]}]},{\"@type\":\"ImageObject\",\"inLanguage\":\"es\",\"@id\":\"https:\\\/\\\/academiapastoralnb.org\\\/blog\\\/#primaryimage\",\"url\":\"https:\\\/\\\/academiapastoralnb.org\\\/wp-content\\\/uploads\\\/2025\\\/12\\\/entrevista_bonilozano-1024x576.jpg\",\"contentUrl\":\"https:\\\/\\\/academiapastoralnb.org\\\/wp-content\\\/uploads\\\/2025\\\/12\\\/entrevista_bonilozano-1024x576.jpg\"},{\"@type\":\"BreadcrumbList\",\"@id\":\"https:\\\/\\\/academiapastoralnb.org\\\/blog\\\/#breadcrumb\",\"itemListElement\":[{\"@type\":\"ListItem\",\"position\":1,\"name\":\"Home\",\"item\":\"https:\\\/\\\/academiapastoralnb.org\\\/\"},{\"@type\":\"ListItem\",\"position\":2,\"name\":\"Blog\"}]},{\"@type\":\"WebSite\",\"@id\":\"https:\\\/\\\/academiapastoralnb.org\\\/#website\",\"url\":\"https:\\\/\\\/academiapastoralnb.org\\\/\",\"name\":\"Academia Pastoral de North Bergen\",\"description\":\"Formaci\u00f3n B\u00edblica y Pastoral: para servir a Dios y a su iglesia\",\"potentialAction\":[{\"@type\":\"SearchAction\",\"target\":{\"@type\":\"EntryPoint\",\"urlTemplate\":\"https:\\\/\\\/academiapastoralnb.org\\\/?s={search_term_string}\"},\"query-input\":{\"@type\":\"PropertyValueSpecification\",\"valueRequired\":true,\"valueName\":\"search_term_string\"}}],\"inLanguage\":\"es\"}]}<\/script>\n<!-- \/ Yoast SEO plugin. -->","yoast_head_json":{"title":"Blog - Academia Pastoral de North Bergen","robots":{"index":"index","follow":"follow","max-snippet":"max-snippet:-1","max-image-preview":"max-image-preview:large","max-video-preview":"max-video-preview:-1"},"canonical":"https:\/\/academiapastoralnb.org\/es\/blog\/","og_locale":"es_ES","og_type":"article","og_title":"Blog - Academia Pastoral de North Bergen","og_description":"Art\u00edculos Recomendados Inicio Blog Todos Teolog\u00eda Pastoral Varios \u00bfQu\u00e9 es la teolog\u00eda pastoral? diciembre 16, 2025\/ Ese departamento de estudio cuyo objetivo es asistir al ministro cristiano en la aplicaci\u00f3n de las verdades del evangelio a los corazones y vidas de los&#8230; Aniquilacionismo (parte 2) diciembre 11, 2025\/ V. Mezcla de Teor\u00edas Debe tenerse en cuenta que los adeptos de estas dos clases de teor\u00edas no son muy cuidadosos en mantenerse estrictamente dentro de&#8230; Aniquilacionismo (parte 1) diciembre 11, 2025\/ Un t\u00e9rmino que designa en sentido amplio un gran conjunto de teor\u00edas que coinciden en sostener que los seres humanos pasan, o son puestos, fuera de&#8230; \u00bfSiempre reform\u00e1ndose? III diciembre 10, 2025\/ La reforma b\u00edblica debe continuar. Proverbios 4:23 nos advierte: Sobre toda cosa guardada, guarda tu coraz\u00f3n;Porque de \u00e9l mana la vida. Salom\u00f3n contin\u00faa en los vers\u00edculos&#8230; \u00bfSiempre reform\u00e1ndose? II diciembre 10, 2025\/ La reforma b\u00edblica se extiende a la conducta. Ciertamente, como individuos y como iglesias, debemos examinar continuamente lo que creemos y declaramos (p\u00fablicamente y en privado,&#8230; \u00bfSiempre reform\u00e1ndose? I diciembre 10, 2025\/ Cuando hablamos de la Reforma, generalmente pensamos en la poderosa obra que Dios llev\u00f3 a cabo en la Europa del siglo XVI. Durante ese per\u00edodo, \u00c9l&#8230; La adoraci\u00f3n cristiana modelada seg\u00fan la jud\u00eda diciembre 1, 2025\/ El olivo natural contin\u00faa de una era a la siguiente, aunque con ramas jud\u00edas incr\u00e9dulas quebradas y ramas gentiles creyentes injertadas. Es el mismo \u00e1rbol, sin&#8230; Compromiso eclesi\u00e1stico comprometido y el colapso de la verdad diciembre 1, 2025\/ Pablo nos da una definici\u00f3n profunda y centrada en Dios de la iglesia como la casa [hogar] del Dios viviente.\u00a0El Dios viviente es el Dios verdadero&#8230; Art\u00edculos Recomendados La Academia Pastoral presenta esta serie de art\u00edculos para fortalecer la formaci\u00f3n b\u00edblica y ministerial, ofreciendo reflexi\u00f3n teol\u00f3gica y orientaci\u00f3n pr\u00e1ctica con fidelidad a las Escrituras, a fin de edificar la iglesia y apoyar el crecimiento de pastores, l\u00edderes y creyentes. Art\u00edculos recientes All Posts Teolog\u00eda Pastoral Varios \u00bfQu\u00e9 es la teolog\u00eda pastoral? Ese departamento de estudio cuyo objetivo es asistir al ministro cristiano en la aplicaci\u00f3n de&#8230; Aniquilacionismo (parte 2) V. Mezcla de Teor\u00edas Debe tenerse en cuenta que los adeptos de estas dos clases&#8230; Aniquilacionismo (parte 1) Un t\u00e9rmino que designa en sentido amplio un gran conjunto de teor\u00edas que coinciden en&#8230; Podcast Academia Pastoral Espa\u00f1ol Ingl\u00e9s Espa\u00f1ol Ingl\u00e9s Espa\u00f1ol Ingl\u00e9s Temas Teolog\u00eda Pastoral&nbsp;(4) Varios&nbsp;(4) Tags","og_url":"https:\/\/academiapastoralnb.org\/es\/blog\/","og_site_name":"Academia Pastoral de North Bergen","article_modified_time":"2025-12-17T17:43:40+00:00","og_image":[{"url":"https:\/\/academiapastoralnb.org\/wp-content\/uploads\/2025\/12\/entrevista_bonilozano-1024x576.jpg","type":"","width":"","height":""}],"twitter_card":"summary_large_image","twitter_misc":{"Tiempo de lectura":"2 minutos"},"schema":{"@context":"https:\/\/schema.org","@graph":[{"@type":"WebPage","@id":"https:\/\/academiapastoralnb.org\/blog\/","url":"https:\/\/academiapastoralnb.org\/blog\/","name":"Blog - Academia Pastoral de North Bergen","isPartOf":{"@id":"https:\/\/academiapastoralnb.org\/#website"},"primaryImageOfPage":{"@id":"https:\/\/academiapastoralnb.org\/blog\/#primaryimage"},"image":{"@id":"https:\/\/academiapastoralnb.org\/blog\/#primaryimage"},"thumbnailUrl":"https:\/\/academiapastoralnb.org\/wp-content\/uploads\/2025\/12\/entrevista_bonilozano-1024x576.jpg","datePublished":"2025-12-01T16:07:36+00:00","dateModified":"2025-12-17T17:43:40+00:00","breadcrumb":{"@id":"https:\/\/academiapastoralnb.org\/blog\/#breadcrumb"},"inLanguage":"es","potentialAction":[{"@type":"ReadAction","target":["https:\/\/academiapastoralnb.org\/blog\/"]}]},{"@type":"ImageObject","inLanguage":"es","@id":"https:\/\/academiapastoralnb.org\/blog\/#primaryimage","url":"https:\/\/academiapastoralnb.org\/wp-content\/uploads\/2025\/12\/entrevista_bonilozano-1024x576.jpg","contentUrl":"https:\/\/academiapastoralnb.org\/wp-content\/uploads\/2025\/12\/entrevista_bonilozano-1024x576.jpg"},{"@type":"BreadcrumbList","@id":"https:\/\/academiapastoralnb.org\/blog\/#breadcrumb","itemListElement":[{"@type":"ListItem","position":1,"name":"Home","item":"https:\/\/academiapastoralnb.org\/"},{"@type":"ListItem","position":2,"name":"Blog"}]},{"@type":"WebSite","@id":"https:\/\/academiapastoralnb.org\/#website","url":"https:\/\/academiapastoralnb.org\/","name":"Academia Pastoral de North Bergen","description":"Formaci\u00f3n B\u00edblica y Pastoral: para servir a Dios y a su iglesia","potentialAction":[{"@type":"SearchAction","target":{"@type":"EntryPoint","urlTemplate":"https:\/\/academiapastoralnb.org\/?s={search_term_string}"},"query-input":{"@type":"PropertyValueSpecification","valueRequired":true,"valueName":"search_term_string"}}],"inLanguage":"es"}]}},"_links":{"self":[{"href":"https:\/\/academiapastoralnb.org\/es\/wp-json\/wp\/v2\/pages\/6204","targetHints":{"allow":["GET"]}}],"collection":[{"href":"https:\/\/academiapastoralnb.org\/es\/wp-json\/wp\/v2\/pages"}],"about":[{"href":"https:\/\/academiapastoralnb.org\/es\/wp-json\/wp\/v2\/types\/page"}],"author":[{"embeddable":true,"href":"https:\/\/academiapastoralnb.org\/es\/wp-json\/wp\/v2\/users\/1"}],"replies":[{"embeddable":true,"href":"https:\/\/academiapastoralnb.org\/es\/wp-json\/wp\/v2\/comments?post=6204"}],"version-history":[{"count":181,"href":"https:\/\/academiapastoralnb.org\/es\/wp-json\/wp\/v2\/pages\/6204\/revisions"}],"predecessor-version":[{"id":9502,"href":"https:\/\/academiapastoralnb.org\/es\/wp-json\/wp\/v2\/pages\/6204\/revisions\/9502"}],"wp:attachment":[{"href":"https:\/\/academiapastoralnb.org\/es\/wp-json\/wp\/v2\/media?parent=6204"}],"curies":[{"name":"wp","href":"https:\/\/api.w.org\/{rel}","templated":true}]}}