{"id":1370,"date":"2024-04-16T05:44:05","date_gmt":"2024-04-16T05:44:05","guid":{"rendered":"https:\/\/demosites.royal-elementor-addons.com\/online-course-v1\/?page_id=9"},"modified":"2026-04-14T14:55:34","modified_gmt":"2026-04-14T14:55:34","slug":"ncursos","status":"publish","type":"page","link":"https:\/\/academiapastoralnb.org\/es\/ncursos\/","title":{"rendered":"Cursos"},"content":{"rendered":"\t\t<div data-elementor-type=\"wp-page\" data-elementor-id=\"1370\" class=\"elementor elementor-1370\">\n\t\t\t\t<div class=\"elementor-element elementor-element-3b420ee e-flex e-con-boxed wpr-particle-no wpr-jarallax-no wpr-parallax-no wpr-sticky-section-no wpr-equal-height-no e-con e-parent\" data-id=\"3b420ee\" data-element_type=\"container\" data-e-type=\"container\" data-settings=\"{&quot;background_background&quot;:&quot;classic&quot;}\">\n\t\t\t\t\t<div class=\"e-con-inner\">\n\t\t<div class=\"elementor-element elementor-element-aca5b81 e-con-full e-flex wpr-particle-no wpr-jarallax-no wpr-parallax-no wpr-sticky-section-no wpr-equal-height-no e-con e-child\" data-id=\"aca5b81\" data-element_type=\"container\" data-e-type=\"container\">\n\t\t\t\t<div class=\"elementor-element elementor-element-325ee41 elementor-widget elementor-widget-heading\" data-id=\"325ee41\" data-element_type=\"widget\" data-e-type=\"widget\" data-widget_type=\"heading.default\">\n\t\t\t\t\t<h2 class=\"elementor-heading-title elementor-size-default\">Formaci\u00f3n Pastoral<\/h2>\t\t\t\t<\/div>\n\t\t\t\t<div class=\"elementor-element elementor-element-9f2af80 elementor-icon-list--layout-inline elementor-list-item-link-full_width elementor-widget elementor-widget-icon-list\" data-id=\"9f2af80\" data-element_type=\"widget\" data-e-type=\"widget\" data-widget_type=\"icon-list.default\">\n\t\t\t\t\t\t\t<ul class=\"elementor-icon-list-items elementor-inline-items\">\n\t\t\t\t\t\t\t<li class=\"elementor-icon-list-item elementor-inline-item\">\n\t\t\t\t\t\t\t\t\t\t\t<a href=\"https:\/\/academiapastoralnb.org\/inicio\/\">\n\n\t\t\t\t\t\t\t\t\t\t\t\t<span class=\"elementor-icon-list-icon\">\n\t\t\t\t\t\t\t<svg aria-hidden=\"true\" class=\"e-font-icon-svg e-fas-home\" viewBox=\"0 0 576 512\" xmlns=\"http:\/\/www.w3.org\/2000\/svg\"><path d=\"M280.37 148.26L96 300.11V464a16 16 0 0 0 16 16l112.06-.29a16 16 0 0 0 15.92-16V368a16 16 0 0 1 16-16h64a16 16 0 0 1 16 16v95.64a16 16 0 0 0 16 16.05L464 480a16 16 0 0 0 16-16V300L295.67 148.26a12.19 12.19 0 0 0-15.3 0zM571.6 251.47L488 182.56V44.05a12 12 0 0 0-12-12h-56a12 12 0 0 0-12 12v72.61L318.47 43a48 48 0 0 0-61 0L4.34 251.47a12 12 0 0 0-1.6 16.9l25.5 31A12 12 0 0 0 45.15 301l235.22-193.74a12.19 12.19 0 0 1 15.3 0L530.9 301a12 12 0 0 0 16.9-1.6l25.5-31a12 12 0 0 0-1.7-16.93z\"><\/path><\/svg>\t\t\t\t\t\t<\/span>\n\t\t\t\t\t\t\t\t\t\t<span class=\"elementor-icon-list-text\">Inicio<\/span>\n\t\t\t\t\t\t\t\t\t\t\t<\/a>\n\t\t\t\t\t\t\t\t\t<\/li>\n\t\t\t\t\t\t\t\t<li class=\"elementor-icon-list-item elementor-inline-item\">\n\t\t\t\t\t\t\t\t\t\t\t<span class=\"elementor-icon-list-icon\">\n\t\t\t\t\t\t\t<svg aria-hidden=\"true\" class=\"e-font-icon-svg e-fas-book-reader\" viewBox=\"0 0 512 512\" xmlns=\"http:\/\/www.w3.org\/2000\/svg\"><path d=\"M352 96c0-53.02-42.98-96-96-96s-96 42.98-96 96 42.98 96 96 96 96-42.98 96-96zM233.59 241.1c-59.33-36.32-155.43-46.3-203.79-49.05C13.55 191.13 0 203.51 0 219.14v222.8c0 14.33 11.59 26.28 26.49 27.05 43.66 2.29 131.99 10.68 193.04 41.43 9.37 4.72 20.48-1.71 20.48-11.87V252.56c-.01-4.67-2.32-8.95-6.42-11.46zm248.61-49.05c-48.35 2.74-144.46 12.73-203.78 49.05-4.1 2.51-6.41 6.96-6.41 11.63v245.79c0 10.19 11.14 16.63 20.54 11.9 61.04-30.72 149.32-39.11 192.97-41.4 14.9-.78 26.49-12.73 26.49-27.06V219.14c-.01-15.63-13.56-28.01-29.81-27.09z\"><\/path><\/svg>\t\t\t\t\t\t<\/span>\n\t\t\t\t\t\t\t\t\t\t<span class=\"elementor-icon-list-text\">Cursos<\/span>\n\t\t\t\t\t\t\t\t\t<\/li>\n\t\t\t\t\t\t<\/ul>\n\t\t\t\t\t\t<\/div>\n\t\t\t\t<\/div>\n\t\t\t\t\t<\/div>\n\t\t\t\t<\/div>\n\t\t<div class=\"elementor-element elementor-element-ca95f31 e-flex e-con-boxed wpr-particle-no wpr-jarallax-no wpr-parallax-no wpr-sticky-section-no wpr-equal-height-no e-con e-parent\" data-id=\"ca95f31\" data-element_type=\"container\" data-e-type=\"container\">\n\t\t\t\t\t<div class=\"e-con-inner\">\n\t\t\t\t<div class=\"elementor-element elementor-element-3d116cc elementor-widget elementor-widget-heading\" data-id=\"3d116cc\" data-element_type=\"widget\" data-e-type=\"widget\" data-widget_type=\"heading.default\">\n\t\t\t\t\t<h2 class=\"elementor-heading-title elementor-size-default\"><span style=\"color:#1B2A41\">Cursos<\/span> <\/h2>\t\t\t\t<\/div>\n\t\t\t\t\t<\/div>\n\t\t\t\t<\/div>\n\t\t\t\t<section class=\"elementor-section elementor-top-section elementor-element elementor-element-cdd0766 elementor-section-boxed elementor-section-height-default elementor-section-height-default wpr-particle-no wpr-jarallax-no wpr-parallax-no wpr-sticky-section-no wpr-equal-height-no\" data-id=\"cdd0766\" data-element_type=\"section\" data-e-type=\"section\">\n\t\t\t\t\t\t<div class=\"elementor-container elementor-column-gap-default\">\n\t\t\t\t\t<div class=\"elementor-column elementor-col-50 elementor-top-column elementor-element elementor-element-1045f59\" data-id=\"1045f59\" data-element_type=\"column\" data-e-type=\"column\">\n\t\t\t<div class=\"elementor-widget-wrap elementor-element-populated\">\n\t\t\t\t\t\t<div class=\"elementor-element elementor-element-f44f66a elementor-widget elementor-widget-text-editor\" data-id=\"f44f66a\" data-element_type=\"widget\" data-e-type=\"widget\" data-widget_type=\"text-editor.default\">\n\t\t\t\t\t\t\t\t\t<p>En nuestra Academia Pastoral ofrecemos cursos de formaci\u00f3n integral, dise\u00f1ados para preparar a hombres con un claro llamado al ministerio pastoral.<\/p><p>Cada curso une una ense\u00f1anza b\u00edblica fiel y rigurosa con el desarrollo de habilidades pr\u00e1cticas necesarias para el servicio en la iglesia local. Adem\u00e1s, brindamos un acompa\u00f1amiento espiritual cercano, de modo que nuestros estudiantes no solo crezcan en conocimiento teol\u00f3gico, sino tambi\u00e9n en car\u00e1cter cristiano y en madurez espiritual.<\/p><p>Nuestro compromiso es formar l\u00edderes que, guiados por la Palabra de Dios y sostenidos por una vida de oraci\u00f3n, puedan pastorear con fidelidad, ense\u00f1ar con claridad y servir con humildad al pueblo de Cristo. De esta manera, cada estudiante es equipado para responder al alto y santo llamado del ministerio, siendo un obrero aprobado que maneja rectamente la Palabra de verdad.<\/p>\t\t\t\t\t\t\t\t<\/div>\n\t\t\t\t\t<\/div>\n\t\t<\/div>\n\t\t\t\t<div class=\"elementor-column elementor-col-50 elementor-top-column elementor-element elementor-element-f16d782\" data-id=\"f16d782\" data-element_type=\"column\" data-e-type=\"column\">\n\t\t\t<div class=\"elementor-widget-wrap elementor-element-populated\">\n\t\t\t\t\t\t<div class=\"elementor-element elementor-element-dbcbf9b elementor-widget elementor-widget-image\" data-id=\"dbcbf9b\" data-element_type=\"widget\" data-e-type=\"widget\" data-widget_type=\"image.default\">\n\t\t\t\t\t\t\t\t\t\t\t\t\t\t\t<img fetchpriority=\"high\" decoding=\"async\" width=\"960\" height=\"640\" src=\"https:\/\/academiapastoralnb.org\/wp-content\/uploads\/2025\/08\/AdobeStockFotos_academia26.jpg\" class=\"attachment-large size-large wp-image-3510\" alt=\"\" srcset=\"https:\/\/academiapastoralnb.org\/wp-content\/uploads\/2025\/08\/AdobeStockFotos_academia26.jpg 1024w, https:\/\/academiapastoralnb.org\/wp-content\/uploads\/2025\/08\/AdobeStockFotos_academia26-300x200.jpg 300w, https:\/\/academiapastoralnb.org\/wp-content\/uploads\/2025\/08\/AdobeStockFotos_academia26-768x512.jpg 768w, https:\/\/academiapastoralnb.org\/wp-content\/uploads\/2025\/08\/AdobeStockFotos_academia26-18x12.jpg 18w\" sizes=\"(max-width: 960px) 100vw, 960px\" \/>\t\t\t\t\t\t\t\t\t\t\t\t\t\t\t<\/div>\n\t\t\t\t\t<\/div>\n\t\t<\/div>\n\t\t\t\t\t<\/div>\n\t\t<\/section>\n\t\t<div class=\"elementor-element elementor-element-30f667a e-flex e-con-boxed wpr-particle-no wpr-jarallax-no wpr-parallax-no wpr-sticky-section-no wpr-equal-height-no e-con e-parent\" data-id=\"30f667a\" data-element_type=\"container\" data-e-type=\"container\" data-settings=\"{&quot;background_background&quot;:&quot;classic&quot;}\">\n\t\t\t\t\t<div class=\"e-con-inner\">\n\t\t<div class=\"elementor-element elementor-element-c816d9b e-flex e-con-boxed wpr-particle-no wpr-jarallax-no wpr-parallax-no wpr-sticky-section-no wpr-equal-height-no e-con e-child\" data-id=\"c816d9b\" data-element_type=\"container\" data-e-type=\"container\">\n\t\t\t\t\t<div class=\"e-con-inner\">\n\t\t<div class=\"elementor-element elementor-element-cb3ad68 e-flex e-con-boxed wpr-particle-no wpr-jarallax-no wpr-parallax-no wpr-sticky-section-no wpr-equal-height-no e-con e-child\" data-id=\"cb3ad68\" data-element_type=\"container\" data-e-type=\"container\">\n\t\t\t\t\t<div class=\"e-con-inner\">\n\t\t<div class=\"elementor-element elementor-element-7f364cc e-flex e-con-boxed wpr-particle-no wpr-jarallax-no wpr-parallax-no wpr-sticky-section-no wpr-equal-height-no elementor-invisible e-con e-child\" data-id=\"7f364cc\" data-element_type=\"container\" data-e-type=\"container\" data-settings=\"{&quot;background_background&quot;:&quot;classic&quot;,&quot;animation&quot;:&quot;fadeIn&quot;}\">\n\t\t\t\t\t<div class=\"e-con-inner\">\n\t\t\t\t<div class=\"elementor-element elementor-element-8d240e7 elementor-widget elementor-widget-image\" data-id=\"8d240e7\" data-element_type=\"widget\" data-e-type=\"widget\" data-widget_type=\"image.default\">\n\t\t\t\t\t\t\t\t\t\t\t\t\t\t\t<img decoding=\"async\" width=\"360\" height=\"240\" src=\"https:\/\/academiapastoralnb.org\/wp-content\/uploads\/2025\/08\/libros-apilados-mesa-madera_1048944-29149024.avif\" class=\"attachment-full size-full wp-image-2602\" alt=\"\" srcset=\"https:\/\/academiapastoralnb.org\/wp-content\/uploads\/2025\/08\/libros-apilados-mesa-madera_1048944-29149024.avif 360w, https:\/\/academiapastoralnb.org\/wp-content\/uploads\/2025\/08\/libros-apilados-mesa-madera_1048944-29149024-300x200.avif 300w\" sizes=\"(max-width: 360px) 100vw, 360px\" \/>\t\t\t\t\t\t\t\t\t\t\t\t\t\t\t<\/div>\n\t\t\t\t<div class=\"elementor-element elementor-element-b0d40e2 elementor-widget elementor-widget-heading\" data-id=\"b0d40e2\" data-element_type=\"widget\" data-e-type=\"widget\" data-widget_type=\"heading.default\">\n\t\t\t\t\t<h2 class=\"elementor-heading-title elementor-size-default\">Teolog\u00eda B\u00edblica<\/h2>\t\t\t\t<\/div>\n\t\t\t\t<div class=\"elementor-element elementor-element-d908288 elementor-widget elementor-widget-text-editor\" data-id=\"d908288\" data-element_type=\"widget\" data-e-type=\"widget\" data-widget_type=\"text-editor.default\">\n\t\t\t\t\t\t\t\t\t<p>Estudio panor\u00e1mico de la revelaci\u00f3n progresiva de Dios, analizando la unidad tem\u00e1tica y teol\u00f3gica de las Escrituras desde G\u00e9nesis hasta Apocalipsis.<\/p>\t\t\t\t\t\t\t\t<\/div>\n\t\t\t\t\t<\/div>\n\t\t\t\t<\/div>\n\t\t<div class=\"elementor-element elementor-element-7d407ad e-flex e-con-boxed wpr-particle-no wpr-jarallax-no wpr-parallax-no wpr-sticky-section-no wpr-equal-height-no elementor-invisible e-con e-child\" data-id=\"7d407ad\" data-element_type=\"container\" data-e-type=\"container\" data-settings=\"{&quot;background_background&quot;:&quot;classic&quot;,&quot;animation&quot;:&quot;fadeIn&quot;}\">\n\t\t\t\t\t<div class=\"e-con-inner\">\n\t\t\t\t<div class=\"elementor-element elementor-element-6806dfb elementor-widget elementor-widget-image\" data-id=\"6806dfb\" data-element_type=\"widget\" data-e-type=\"widget\" data-widget_type=\"image.default\">\n\t\t\t\t\t\t\t\t\t\t\t\t\t\t\t<img decoding=\"async\" width=\"626\" height=\"417\" src=\"https:\/\/academiapastoralnb.org\/wp-content\/uploads\/2025\/08\/libro-abierto-pila-libros-antiguos-contexto-biblioteca-casa_75517-1853.avif\" class=\"attachment-full size-full wp-image-2603\" alt=\"\" srcset=\"https:\/\/academiapastoralnb.org\/wp-content\/uploads\/2025\/08\/libro-abierto-pila-libros-antiguos-contexto-biblioteca-casa_75517-1853.avif 626w, https:\/\/academiapastoralnb.org\/wp-content\/uploads\/2025\/08\/libro-abierto-pila-libros-antiguos-contexto-biblioteca-casa_75517-1853-300x200.avif 300w\" sizes=\"(max-width: 626px) 100vw, 626px\" \/>\t\t\t\t\t\t\t\t\t\t\t\t\t\t\t<\/div>\n\t\t\t\t<div class=\"elementor-element elementor-element-1229791 elementor-widget elementor-widget-heading\" data-id=\"1229791\" data-element_type=\"widget\" data-e-type=\"widget\" data-widget_type=\"heading.default\">\n\t\t\t\t\t<h2 class=\"elementor-heading-title elementor-size-default\">Teolog\u00eda Sistem\u00e1tica<\/h2>\t\t\t\t<\/div>\n\t\t\t\t<div class=\"elementor-element elementor-element-a6adf88 elementor-widget elementor-widget-text-editor\" data-id=\"a6adf88\" data-element_type=\"widget\" data-e-type=\"widget\" data-widget_type=\"text-editor.default\">\n\t\t\t\t\t\t\t\t\t<p>Estudio ordenado de las doctrinas centrales de la fe cristiana, organizadas tem\u00e1ticamente para comprender su fundamento b\u00edblico y su aplicaci\u00f3n actual.<\/p>\t\t\t\t\t\t\t\t<\/div>\n\t\t\t\t\t<\/div>\n\t\t\t\t<\/div>\n\t\t<div class=\"elementor-element elementor-element-e80dcaa e-flex e-con-boxed wpr-particle-no wpr-jarallax-no wpr-parallax-no wpr-sticky-section-no wpr-equal-height-no elementor-invisible e-con e-child\" data-id=\"e80dcaa\" data-element_type=\"container\" data-e-type=\"container\" data-settings=\"{&quot;background_background&quot;:&quot;classic&quot;,&quot;animation&quot;:&quot;fadeIn&quot;}\">\n\t\t\t\t\t<div class=\"e-con-inner\">\n\t\t\t\t<div class=\"elementor-element elementor-element-3fa4e59 elementor-widget elementor-widget-image\" data-id=\"3fa4e59\" data-element_type=\"widget\" data-e-type=\"widget\" data-widget_type=\"image.default\">\n\t\t\t\t\t\t\t\t\t\t\t\t\t\t\t<img loading=\"lazy\" decoding=\"async\" width=\"626\" height=\"417\" src=\"https:\/\/academiapastoralnb.org\/wp-content\/uploads\/2025\/08\/libri-d-epoca-sul-tavolo-da-scrivania-in-legno-in-biblioteca_941600-15623.jpg\" class=\"attachment-large size-large wp-image-2605\" alt=\"\" srcset=\"https:\/\/academiapastoralnb.org\/wp-content\/uploads\/2025\/08\/libri-d-epoca-sul-tavolo-da-scrivania-in-legno-in-biblioteca_941600-15623.jpg 626w, https:\/\/academiapastoralnb.org\/wp-content\/uploads\/2025\/08\/libri-d-epoca-sul-tavolo-da-scrivania-in-legno-in-biblioteca_941600-15623-300x200.jpg 300w\" sizes=\"(max-width: 626px) 100vw, 626px\" \/>\t\t\t\t\t\t\t\t\t\t\t\t\t\t\t<\/div>\n\t\t\t\t<div class=\"elementor-element elementor-element-46008f2 elementor-widget elementor-widget-heading\" data-id=\"46008f2\" data-element_type=\"widget\" data-e-type=\"widget\" data-widget_type=\"heading.default\">\n\t\t\t\t\t<h2 class=\"elementor-heading-title elementor-size-default\">Teolog\u00eda Hist\u00f3rica<\/h2>\t\t\t\t<\/div>\n\t\t\t\t<div class=\"elementor-element elementor-element-6c5fff8 elementor-widget elementor-widget-text-editor\" data-id=\"6c5fff8\" data-element_type=\"widget\" data-e-type=\"widget\" data-widget_type=\"text-editor.default\">\n\t\t\t\t\t\t\t\t\t<p>An\u00e1lisis del desarrollo doctrinal a lo largo de la historia de la iglesia, desde los padres apost\u00f3licos hasta la teolog\u00eda contempor\u00e1nea.<\/p>\t\t\t\t\t\t\t\t<\/div>\n\t\t\t\t\t<\/div>\n\t\t\t\t<\/div>\n\t\t\t\t\t<\/div>\n\t\t\t\t<\/div>\n\t\t<div class=\"elementor-element elementor-element-450f505 e-con-full e-flex wpr-particle-no wpr-jarallax-no wpr-parallax-no wpr-sticky-section-no wpr-equal-height-no e-con e-child\" data-id=\"450f505\" data-element_type=\"container\" data-e-type=\"container\">\n\t\t<div class=\"elementor-element elementor-element-99fbd7b e-flex e-con-boxed wpr-particle-no wpr-jarallax-no wpr-parallax-no wpr-sticky-section-no wpr-equal-height-no elementor-invisible e-con e-child\" data-id=\"99fbd7b\" data-element_type=\"container\" data-e-type=\"container\" data-settings=\"{&quot;background_background&quot;:&quot;classic&quot;,&quot;animation&quot;:&quot;fadeIn&quot;}\">\n\t\t\t\t\t<div class=\"e-con-inner\">\n\t\t\t\t<div class=\"elementor-element elementor-element-d519c21 elementor-widget elementor-widget-image\" data-id=\"d519c21\" data-element_type=\"widget\" data-e-type=\"widget\" data-widget_type=\"image.default\">\n\t\t\t\t\t\t\t\t\t\t\t\t\t\t\t<img loading=\"lazy\" decoding=\"async\" width=\"1280\" height=\"720\" src=\"https:\/\/academiapastoralnb.org\/wp-content\/uploads\/2025\/08\/teologiapastoral11.jpg\" class=\"attachment-full size-full wp-image-5373\" alt=\"\" srcset=\"https:\/\/academiapastoralnb.org\/wp-content\/uploads\/2025\/08\/teologiapastoral11.jpg 1280w, https:\/\/academiapastoralnb.org\/wp-content\/uploads\/2025\/08\/teologiapastoral11-300x169.jpg 300w, https:\/\/academiapastoralnb.org\/wp-content\/uploads\/2025\/08\/teologiapastoral11-1024x576.jpg 1024w, https:\/\/academiapastoralnb.org\/wp-content\/uploads\/2025\/08\/teologiapastoral11-768x432.jpg 768w, https:\/\/academiapastoralnb.org\/wp-content\/uploads\/2025\/08\/teologiapastoral11-18x10.jpg 18w\" sizes=\"(max-width: 1280px) 100vw, 1280px\" \/>\t\t\t\t\t\t\t\t\t\t\t\t\t\t\t<\/div>\n\t\t\t\t<div class=\"elementor-element elementor-element-9f9f5ab elementor-widget elementor-widget-heading\" data-id=\"9f9f5ab\" data-element_type=\"widget\" data-e-type=\"widget\" data-widget_type=\"heading.default\">\n\t\t\t\t\t<h2 class=\"elementor-heading-title elementor-size-default\">Teolog\u00eda Pastoral<\/h2>\t\t\t\t<\/div>\n\t\t\t\t<div class=\"elementor-element elementor-element-aeaad64 elementor-widget elementor-widget-text-editor\" data-id=\"aeaad64\" data-element_type=\"widget\" data-e-type=\"widget\" data-widget_type=\"text-editor.default\">\n\t\t\t\t\t\t\t\t\t<p>Estudio de los principios b\u00edblicos y teol\u00f3gicos para el cuidado, liderazgo y formaci\u00f3n de la iglesia en su misi\u00f3n y servicio.<\/p>\t\t\t\t\t\t\t\t<\/div>\n\t\t\t\t\t<\/div>\n\t\t\t\t<\/div>\n\t\t<div class=\"elementor-element elementor-element-6cc995d e-flex e-con-boxed wpr-particle-no wpr-jarallax-no wpr-parallax-no wpr-sticky-section-no wpr-equal-height-no elementor-invisible e-con e-child\" data-id=\"6cc995d\" data-element_type=\"container\" data-e-type=\"container\" data-settings=\"{&quot;background_background&quot;:&quot;classic&quot;,&quot;animation&quot;:&quot;fadeIn&quot;}\">\n\t\t\t\t\t<div class=\"e-con-inner\">\n\t\t\t\t<div class=\"elementor-element elementor-element-1d28a6b elementor-widget elementor-widget-image\" data-id=\"1d28a6b\" data-element_type=\"widget\" data-e-type=\"widget\" data-widget_type=\"image.default\">\n\t\t\t\t\t\t\t\t\t\t\t\t\t\t\t<img loading=\"lazy\" decoding=\"async\" width=\"448\" height=\"299\" src=\"https:\/\/academiapastoralnb.org\/wp-content\/uploads\/2025\/08\/Testamento-griego.jpg\" class=\"attachment-full size-full wp-image-2618\" alt=\"\" srcset=\"https:\/\/academiapastoralnb.org\/wp-content\/uploads\/2025\/08\/Testamento-griego.jpg 448w, https:\/\/academiapastoralnb.org\/wp-content\/uploads\/2025\/08\/Testamento-griego-300x200.jpg 300w\" sizes=\"(max-width: 448px) 100vw, 448px\" \/>\t\t\t\t\t\t\t\t\t\t\t\t\t\t\t<\/div>\n\t\t\t\t<div class=\"elementor-element elementor-element-22bd3c9 elementor-widget elementor-widget-heading\" data-id=\"22bd3c9\" data-element_type=\"widget\" data-e-type=\"widget\" data-widget_type=\"heading.default\">\n\t\t\t\t\t<h2 class=\"elementor-heading-title elementor-size-default\">Curso de Griego<\/h2>\t\t\t\t<\/div>\n\t\t\t\t<div class=\"elementor-element elementor-element-ccf6722 elementor-widget elementor-widget-text-editor\" data-id=\"ccf6722\" data-element_type=\"widget\" data-e-type=\"widget\" data-widget_type=\"text-editor.default\">\n\t\t\t\t\t\t\t\t\tIntroducci\u00f3n al griego koin\u00e9, lengua original del Nuevo Testamento, para el estudio directo de las Escrituras y el an\u00e1lisis exeg\u00e9tico.\t\t\t\t\t\t\t\t<\/div>\n\t\t\t\t\t<\/div>\n\t\t\t\t<\/div>\n\t\t<div class=\"elementor-element elementor-element-5db8053 e-flex e-con-boxed wpr-particle-no wpr-jarallax-no wpr-parallax-no wpr-sticky-section-no wpr-equal-height-no elementor-invisible e-con e-child\" data-id=\"5db8053\" data-element_type=\"container\" data-e-type=\"container\" data-settings=\"{&quot;background_background&quot;:&quot;classic&quot;,&quot;animation&quot;:&quot;fadeIn&quot;}\">\n\t\t\t\t\t<div class=\"e-con-inner\">\n\t\t\t\t<div class=\"elementor-element elementor-element-08b580b elementor-widget elementor-widget-image\" data-id=\"08b580b\" data-element_type=\"widget\" data-e-type=\"widget\" data-widget_type=\"image.default\">\n\t\t\t\t\t\t\t\t\t\t\t\t\t\t\t<img loading=\"lazy\" decoding=\"async\" width=\"474\" height=\"266\" src=\"https:\/\/academiapastoralnb.org\/wp-content\/uploads\/2025\/10\/hermeneutica.webp\" class=\"attachment-large size-large wp-image-5255\" alt=\"\" srcset=\"https:\/\/academiapastoralnb.org\/wp-content\/uploads\/2025\/10\/hermeneutica.webp 474w, https:\/\/academiapastoralnb.org\/wp-content\/uploads\/2025\/10\/hermeneutica-300x168.webp 300w, https:\/\/academiapastoralnb.org\/wp-content\/uploads\/2025\/10\/hermeneutica-18x10.webp 18w\" sizes=\"(max-width: 474px) 100vw, 474px\" \/>\t\t\t\t\t\t\t\t\t\t\t\t\t\t\t<\/div>\n\t\t\t\t<div class=\"elementor-element elementor-element-6f8e3a4 elementor-widget elementor-widget-heading\" data-id=\"6f8e3a4\" data-element_type=\"widget\" data-e-type=\"widget\" data-widget_type=\"heading.default\">\n\t\t\t\t\t<h2 class=\"elementor-heading-title elementor-size-default\">Hermen\u00e9utica <\/h2>\t\t\t\t<\/div>\n\t\t\t\t<div class=\"elementor-element elementor-element-3e5fd22 elementor-widget elementor-widget-text-editor\" data-id=\"3e5fd22\" data-element_type=\"widget\" data-e-type=\"widget\" data-widget_type=\"text-editor.default\">\n\t\t\t\t\t\t\t\t\t<p>La hermen\u00e9utica es la disciplina que se encarga del estudio e interpretaci\u00f3n de textos, buscando comprender su sentido profundo y original.<\/p>\t\t\t\t\t\t\t\t<\/div>\n\t\t\t\t\t<\/div>\n\t\t\t\t<\/div>\n\t\t\t\t<\/div>\n\t\t<div class=\"elementor-element elementor-element-60f2ff7 e-con-full e-flex wpr-particle-no wpr-jarallax-no wpr-parallax-no wpr-sticky-section-no wpr-equal-height-no e-con e-child\" data-id=\"60f2ff7\" data-element_type=\"container\" data-e-type=\"container\">\n\t\t<div class=\"elementor-element elementor-element-19f0cd3 e-flex e-con-boxed wpr-particle-no wpr-jarallax-no wpr-parallax-no wpr-sticky-section-no wpr-equal-height-no elementor-invisible e-con e-child\" data-id=\"19f0cd3\" data-element_type=\"container\" data-e-type=\"container\" data-settings=\"{&quot;background_background&quot;:&quot;classic&quot;,&quot;animation&quot;:&quot;fadeIn&quot;}\">\n\t\t\t\t\t<div class=\"e-con-inner\">\n\t\t\t\t<div class=\"elementor-element elementor-element-f95d150 elementor-widget elementor-widget-image\" data-id=\"f95d150\" data-element_type=\"widget\" data-e-type=\"widget\" data-widget_type=\"image.default\">\n\t\t\t\t\t\t\t\t\t\t\t\t\t\t\t<img loading=\"lazy\" decoding=\"async\" width=\"612\" height=\"408\" src=\"https:\/\/academiapastoralnb.org\/wp-content\/uploads\/2025\/08\/istockphoto-1505865534-612x612-1.jpg\" class=\"attachment-full size-full wp-image-2620\" alt=\"\" srcset=\"https:\/\/academiapastoralnb.org\/wp-content\/uploads\/2025\/08\/istockphoto-1505865534-612x612-1.jpg 612w, https:\/\/academiapastoralnb.org\/wp-content\/uploads\/2025\/08\/istockphoto-1505865534-612x612-1-300x200.jpg 300w\" sizes=\"(max-width: 612px) 100vw, 612px\" \/>\t\t\t\t\t\t\t\t\t\t\t\t\t\t\t<\/div>\n\t\t\t\t<div class=\"elementor-element elementor-element-7d0fe83 elementor-widget elementor-widget-heading\" data-id=\"7d0fe83\" data-element_type=\"widget\" data-e-type=\"widget\" data-widget_type=\"heading.default\">\n\t\t\t\t\t<h2 class=\"elementor-heading-title elementor-size-default\">\u00c9tica<\/h2>\t\t\t\t<\/div>\n\t\t\t\t<div class=\"elementor-element elementor-element-65eadb0 elementor-widget elementor-widget-text-editor\" data-id=\"65eadb0\" data-element_type=\"widget\" data-e-type=\"widget\" data-widget_type=\"text-editor.default\">\n\t\t\t\t\t\t\t\t\tAn\u00e1lisis de los principios morales y valores b\u00edblicos que gu\u00edan la vida cristiana, aplicados al pensamiento y la conducta contempor\u00e1nea.\t\t\t\t\t\t\t\t<\/div>\n\t\t\t\t\t<\/div>\n\t\t\t\t<\/div>\n\t\t<div class=\"elementor-element elementor-element-184f404 e-flex e-con-boxed wpr-particle-no wpr-jarallax-no wpr-parallax-no wpr-sticky-section-no wpr-equal-height-no elementor-invisible e-con e-child\" data-id=\"184f404\" data-element_type=\"container\" data-e-type=\"container\" data-settings=\"{&quot;background_background&quot;:&quot;classic&quot;,&quot;animation&quot;:&quot;fadeIn&quot;}\">\n\t\t\t\t\t<div class=\"e-con-inner\">\n\t\t\t\t<div class=\"elementor-element elementor-element-5b493c3 elementor-widget elementor-widget-image\" data-id=\"5b493c3\" data-element_type=\"widget\" data-e-type=\"widget\" data-widget_type=\"image.default\">\n\t\t\t\t\t\t\t\t\t\t\t\t\t\t\t<img loading=\"lazy\" decoding=\"async\" width=\"626\" height=\"417\" src=\"https:\/\/academiapastoralnb.org\/wp-content\/uploads\/2025\/08\/biblia-abierta-manos-campo-trigo-camino-concepto-cristiano_206268-6345.avif\" class=\"attachment-full size-full wp-image-2621\" alt=\"\" srcset=\"https:\/\/academiapastoralnb.org\/wp-content\/uploads\/2025\/08\/biblia-abierta-manos-campo-trigo-camino-concepto-cristiano_206268-6345.avif 626w, https:\/\/academiapastoralnb.org\/wp-content\/uploads\/2025\/08\/biblia-abierta-manos-campo-trigo-camino-concepto-cristiano_206268-6345-300x200.avif 300w\" sizes=\"(max-width: 626px) 100vw, 626px\" \/>\t\t\t\t\t\t\t\t\t\t\t\t\t\t\t<\/div>\n\t\t\t\t<div class=\"elementor-element elementor-element-59e3a13 elementor-widget elementor-widget-heading\" data-id=\"59e3a13\" data-element_type=\"widget\" data-e-type=\"widget\" data-widget_type=\"heading.default\">\n\t\t\t\t\t<h2 class=\"elementor-heading-title elementor-size-default\">Apolog\u00e9tica<\/h2>\t\t\t\t<\/div>\n\t\t\t\t<div class=\"elementor-element elementor-element-d588e62 elementor-widget elementor-widget-text-editor\" data-id=\"d588e62\" data-element_type=\"widget\" data-e-type=\"widget\" data-widget_type=\"text-editor.default\">\n\t\t\t\t\t\t\t\t\tEstudio de la defensa racional de la fe cristiana, fundamentada en la Biblia, la historia y la raz\u00f3n, para responder a objeciones y fortalecer la doctrina.\t\t\t\t\t\t\t\t<\/div>\n\t\t\t\t\t<\/div>\n\t\t\t\t<\/div>\n\t\t<div class=\"elementor-element elementor-element-07470b4 e-flex e-con-boxed wpr-particle-no wpr-jarallax-no wpr-parallax-no wpr-sticky-section-no wpr-equal-height-no elementor-invisible e-con e-child\" data-id=\"07470b4\" data-element_type=\"container\" data-e-type=\"container\" data-settings=\"{&quot;background_background&quot;:&quot;classic&quot;,&quot;animation&quot;:&quot;fadeIn&quot;}\">\n\t\t\t\t\t<div class=\"e-con-inner\">\n\t\t\t\t<div class=\"elementor-element elementor-element-9d32a3d elementor-widget elementor-widget-image\" data-id=\"9d32a3d\" data-element_type=\"widget\" data-e-type=\"widget\" data-widget_type=\"image.default\">\n\t\t\t\t\t\t\t\t\t\t\t\t\t\t\t<img loading=\"lazy\" decoding=\"async\" width=\"728\" height=\"485\" src=\"https:\/\/academiapastoralnb.org\/wp-content\/uploads\/2025\/08\/book-bible-text-literature-preview.jpg\" class=\"attachment-large size-large wp-image-2623\" alt=\"\" srcset=\"https:\/\/academiapastoralnb.org\/wp-content\/uploads\/2025\/08\/book-bible-text-literature-preview.jpg 728w, https:\/\/academiapastoralnb.org\/wp-content\/uploads\/2025\/08\/book-bible-text-literature-preview-300x200.jpg 300w\" sizes=\"(max-width: 728px) 100vw, 728px\" \/>\t\t\t\t\t\t\t\t\t\t\t\t\t\t\t<\/div>\n\t\t\t\t<div class=\"elementor-element elementor-element-af45511 elementor-widget elementor-widget-heading\" data-id=\"af45511\" data-element_type=\"widget\" data-e-type=\"widget\" data-widget_type=\"heading.default\">\n\t\t\t\t\t<h2 class=\"elementor-heading-title elementor-size-default\">Pol\u00e9mica<\/h2>\t\t\t\t<\/div>\n\t\t\t\t<div class=\"elementor-element elementor-element-3bdaa45 elementor-widget elementor-widget-text-editor\" data-id=\"3bdaa45\" data-element_type=\"widget\" data-e-type=\"widget\" data-widget_type=\"text-editor.default\">\n\t\t\t\t\t\t\t\t\t<p>Examen de los debates teol\u00f3gicos y controversias hist\u00f3ricas dentro del cristianismo, con enfoque en la defensa y claridad de la verdad b\u00edblica.<\/p>\t\t\t\t\t\t\t\t<\/div>\n\t\t\t\t\t<\/div>\n\t\t\t\t<\/div>\n\t\t\t\t<\/div>\n\t\t<div class=\"elementor-element elementor-element-bfd6902 e-con-full e-flex wpr-particle-no wpr-jarallax-no wpr-parallax-no wpr-sticky-section-no wpr-equal-height-no e-con e-child\" data-id=\"bfd6902\" data-element_type=\"container\" data-e-type=\"container\">\n\t\t<div class=\"elementor-element elementor-element-7a4022a e-flex e-con-boxed wpr-particle-no wpr-jarallax-no wpr-parallax-no wpr-sticky-section-no wpr-equal-height-no elementor-invisible e-con e-child\" data-id=\"7a4022a\" data-element_type=\"container\" data-e-type=\"container\" data-settings=\"{&quot;background_background&quot;:&quot;classic&quot;,&quot;animation&quot;:&quot;fadeIn&quot;}\">\n\t\t\t\t\t<div class=\"e-con-inner\">\n\t\t\t\t<div class=\"elementor-element elementor-element-63e5454 elementor-widget elementor-widget-image\" data-id=\"63e5454\" data-element_type=\"widget\" data-e-type=\"widget\" data-widget_type=\"image.default\">\n\t\t\t\t\t\t\t\t\t\t\t\t\t\t\t<img loading=\"lazy\" decoding=\"async\" width=\"889\" height=\"580\" src=\"https:\/\/academiapastoralnb.org\/wp-content\/uploads\/2025\/08\/estudio-de-la-biblia.png\" class=\"attachment-full size-full wp-image-2624\" alt=\"\" srcset=\"https:\/\/academiapastoralnb.org\/wp-content\/uploads\/2025\/08\/estudio-de-la-biblia.png 889w, https:\/\/academiapastoralnb.org\/wp-content\/uploads\/2025\/08\/estudio-de-la-biblia-300x196.png 300w, https:\/\/academiapastoralnb.org\/wp-content\/uploads\/2025\/08\/estudio-de-la-biblia-768x501.png 768w\" sizes=\"(max-width: 889px) 100vw, 889px\" \/>\t\t\t\t\t\t\t\t\t\t\t\t\t\t\t<\/div>\n\t\t\t\t<div class=\"elementor-element elementor-element-538bf2e elementor-widget elementor-widget-heading\" data-id=\"538bf2e\" data-element_type=\"widget\" data-e-type=\"widget\" data-widget_type=\"heading.default\">\n\t\t\t\t\t<h2 class=\"elementor-heading-title elementor-size-default\">Teolog\u00eda<\/h2>\t\t\t\t<\/div>\n\t\t\t\t<div class=\"elementor-element elementor-element-638080e elementor-widget elementor-widget-text-editor\" data-id=\"638080e\" data-element_type=\"widget\" data-e-type=\"widget\" data-widget_type=\"text-editor.default\">\n\t\t\t\t\t\t\t\t\t<p>Estudio sistem\u00e1tico y reflexivo de Dios y su obra, fundamentado en las Escrituras, la tradici\u00f3n y la raz\u00f3n cristiana.<\/p>\t\t\t\t\t\t\t\t<\/div>\n\t\t\t\t\t<\/div>\n\t\t\t\t<\/div>\n\t\t<div class=\"elementor-element elementor-element-44ca86d e-flex e-con-boxed wpr-particle-no wpr-jarallax-no wpr-parallax-no wpr-sticky-section-no wpr-equal-height-no elementor-invisible e-con e-child\" data-id=\"44ca86d\" data-element_type=\"container\" data-e-type=\"container\" data-settings=\"{&quot;background_background&quot;:&quot;classic&quot;,&quot;animation&quot;:&quot;fadeIn&quot;}\">\n\t\t\t\t\t<div class=\"e-con-inner\">\n\t\t\t\t<div class=\"elementor-element elementor-element-cde42f8 elementor-widget elementor-widget-image\" data-id=\"cde42f8\" data-element_type=\"widget\" data-e-type=\"widget\" data-widget_type=\"image.default\">\n\t\t\t\t\t\t\t\t\t\t\t\t\t\t\t<img loading=\"lazy\" decoding=\"async\" width=\"1000\" height=\"667\" src=\"https:\/\/academiapastoralnb.org\/wp-content\/uploads\/2025\/08\/shutterstock_19895020.jpg\" class=\"attachment-full size-full wp-image-2626\" alt=\"\" srcset=\"https:\/\/academiapastoralnb.org\/wp-content\/uploads\/2025\/08\/shutterstock_19895020.jpg 1000w, https:\/\/academiapastoralnb.org\/wp-content\/uploads\/2025\/08\/shutterstock_19895020-300x200.jpg 300w, https:\/\/academiapastoralnb.org\/wp-content\/uploads\/2025\/08\/shutterstock_19895020-768x512.jpg 768w\" sizes=\"(max-width: 1000px) 100vw, 1000px\" \/>\t\t\t\t\t\t\t\t\t\t\t\t\t\t\t<\/div>\n\t\t\t\t<div class=\"elementor-element elementor-element-a3fe273 elementor-widget elementor-widget-heading\" data-id=\"a3fe273\" data-element_type=\"widget\" data-e-type=\"widget\" data-widget_type=\"heading.default\">\n\t\t\t\t\t<h2 class=\"elementor-heading-title elementor-size-default\">Cristolog\u00eda<\/h2>\t\t\t\t<\/div>\n\t\t\t\t<div class=\"elementor-element elementor-element-81bbbba elementor-widget elementor-widget-text-editor\" data-id=\"81bbbba\" data-element_type=\"widget\" data-e-type=\"widget\" data-widget_type=\"text-editor.default\">\n\t\t\t\t\t\t\t\t\t<p>An\u00e1lisis teol\u00f3gico de la persona y obra de Jesucristo, su divinidad, humanidad y redenci\u00f3n seg\u00fan las Escrituras.<\/p>\t\t\t\t\t\t\t\t<\/div>\n\t\t\t\t\t<\/div>\n\t\t\t\t<\/div>\n\t\t<div class=\"elementor-element elementor-element-e21421d e-flex e-con-boxed wpr-particle-no wpr-jarallax-no wpr-parallax-no wpr-sticky-section-no wpr-equal-height-no elementor-invisible e-con e-child\" data-id=\"e21421d\" data-element_type=\"container\" data-e-type=\"container\" data-settings=\"{&quot;background_background&quot;:&quot;classic&quot;,&quot;animation&quot;:&quot;fadeIn&quot;}\">\n\t\t\t\t\t<div class=\"e-con-inner\">\n\t\t\t\t<div class=\"elementor-element elementor-element-675fc81 elementor-widget elementor-widget-image\" data-id=\"675fc81\" data-element_type=\"widget\" data-e-type=\"widget\" data-widget_type=\"image.default\">\n\t\t\t\t\t\t\t\t\t\t\t\t\t\t\t<img loading=\"lazy\" decoding=\"async\" width=\"960\" height=\"540\" src=\"https:\/\/academiapastoralnb.org\/wp-content\/uploads\/2025\/10\/cursosAcademia-1024x576.png\" class=\"attachment-large size-large wp-image-5229\" alt=\"\" srcset=\"https:\/\/academiapastoralnb.org\/wp-content\/uploads\/2025\/10\/cursosAcademia-1024x576.png 1024w, https:\/\/academiapastoralnb.org\/wp-content\/uploads\/2025\/10\/cursosAcademia-300x169.png 300w, https:\/\/academiapastoralnb.org\/wp-content\/uploads\/2025\/10\/cursosAcademia-768x432.png 768w, https:\/\/academiapastoralnb.org\/wp-content\/uploads\/2025\/10\/cursosAcademia-1536x864.png 1536w, https:\/\/academiapastoralnb.org\/wp-content\/uploads\/2025\/10\/cursosAcademia-2048x1152.png 2048w, https:\/\/academiapastoralnb.org\/wp-content\/uploads\/2025\/10\/cursosAcademia-18x10.png 18w\" sizes=\"(max-width: 960px) 100vw, 960px\" \/>\t\t\t\t\t\t\t\t\t\t\t\t\t\t\t<\/div>\n\t\t\t\t<div class=\"elementor-element elementor-element-3bafd7c elementor-widget elementor-widget-heading\" data-id=\"3bafd7c\" data-element_type=\"widget\" data-e-type=\"widget\" data-widget_type=\"heading.default\">\n\t\t\t\t\t<h2 class=\"elementor-heading-title elementor-size-default\">Soteriolog\u00eda<\/h2>\t\t\t\t<\/div>\n\t\t\t\t<div class=\"elementor-element elementor-element-a74d004 elementor-widget elementor-widget-text-editor\" data-id=\"a74d004\" data-element_type=\"widget\" data-e-type=\"widget\" data-widget_type=\"text-editor.default\">\n\t\t\t\t\t\t\t\t\t<p>Estudio doctrinal de la salvaci\u00f3n en Cristo, su fundamento b\u00edblico, alcance y aplicaci\u00f3n en la vida del creyente.<\/p>\t\t\t\t\t\t\t\t<\/div>\n\t\t\t\t\t<\/div>\n\t\t\t\t<\/div>\n\t\t\t\t<\/div>\n\t\t<div class=\"elementor-element elementor-element-8f1b658 e-con-full e-flex wpr-particle-no wpr-jarallax-no wpr-parallax-no wpr-sticky-section-no wpr-equal-height-no e-con e-child\" data-id=\"8f1b658\" data-element_type=\"container\" data-e-type=\"container\">\n\t\t<div class=\"elementor-element elementor-element-f086209 e-con-full e-flex wpr-particle-no wpr-jarallax-no wpr-parallax-no wpr-sticky-section-no wpr-equal-height-no elementor-invisible e-con e-child\" data-id=\"f086209\" data-element_type=\"container\" data-e-type=\"container\" data-settings=\"{&quot;background_background&quot;:&quot;classic&quot;,&quot;animation&quot;:&quot;fadeIn&quot;}\">\n\t\t\t\t<div class=\"elementor-element elementor-element-c041057 elementor-widget elementor-widget-image\" data-id=\"c041057\" data-element_type=\"widget\" data-e-type=\"widget\" data-widget_type=\"image.default\">\n\t\t\t\t\t\t\t\t\t\t\t\t\t\t\t<img loading=\"lazy\" decoding=\"async\" width=\"1212\" height=\"750\" src=\"https:\/\/academiapastoralnb.org\/wp-content\/uploads\/2025\/08\/Crepuscular_rays_color.jpg\" class=\"attachment-full size-full wp-image-2628\" alt=\"\" srcset=\"https:\/\/academiapastoralnb.org\/wp-content\/uploads\/2025\/08\/Crepuscular_rays_color.jpg 1212w, https:\/\/academiapastoralnb.org\/wp-content\/uploads\/2025\/08\/Crepuscular_rays_color-300x186.jpg 300w, https:\/\/academiapastoralnb.org\/wp-content\/uploads\/2025\/08\/Crepuscular_rays_color-1024x634.jpg 1024w, https:\/\/academiapastoralnb.org\/wp-content\/uploads\/2025\/08\/Crepuscular_rays_color-768x475.jpg 768w\" sizes=\"(max-width: 1212px) 100vw, 1212px\" \/>\t\t\t\t\t\t\t\t\t\t\t\t\t\t\t<\/div>\n\t\t\t\t<div class=\"elementor-element elementor-element-0fbfbb1 elementor-widget elementor-widget-heading\" data-id=\"0fbfbb1\" data-element_type=\"widget\" data-e-type=\"widget\" data-widget_type=\"heading.default\">\n\t\t\t\t\t<h2 class=\"elementor-heading-title elementor-size-default\">Apocalipsis<\/h2>\t\t\t\t<\/div>\n\t\t\t\t<div class=\"elementor-element elementor-element-541e8e3 elementor-widget elementor-widget-text-editor\" data-id=\"541e8e3\" data-element_type=\"widget\" data-e-type=\"widget\" data-widget_type=\"text-editor.default\">\n\t\t\t\t\t\t\t\t\t<p>An\u00e1lisis del libro de Apocalipsis, su contexto hist\u00f3rico y literario, y la revelaci\u00f3n del plan escatol\u00f3gico de Dios para la historia y la iglesia.<\/p>\t\t\t\t\t\t\t\t<\/div>\n\t\t\t\t<\/div>\n\t\t<div class=\"elementor-element elementor-element-3a725ec e-con-full e-flex wpr-particle-no wpr-jarallax-no wpr-parallax-no wpr-sticky-section-no wpr-equal-height-no elementor-invisible e-con e-child\" data-id=\"3a725ec\" data-element_type=\"container\" data-e-type=\"container\" data-settings=\"{&quot;background_background&quot;:&quot;classic&quot;,&quot;animation&quot;:&quot;fadeIn&quot;}\">\n\t\t\t\t<div class=\"elementor-element elementor-element-f8e9352 elementor-widget elementor-widget-image\" data-id=\"f8e9352\" data-element_type=\"widget\" data-e-type=\"widget\" data-widget_type=\"image.default\">\n\t\t\t\t\t\t\t\t\t\t\t\t\t\t\t<img loading=\"lazy\" decoding=\"async\" width=\"1600\" height=\"1000\" src=\"https:\/\/academiapastoralnb.org\/wp-content\/uploads\/2025\/08\/mes-de-la-biblia-2024-310824.webp\" class=\"attachment-full size-full wp-image-2636\" alt=\"\" srcset=\"https:\/\/academiapastoralnb.org\/wp-content\/uploads\/2025\/08\/mes-de-la-biblia-2024-310824.webp 1600w, https:\/\/academiapastoralnb.org\/wp-content\/uploads\/2025\/08\/mes-de-la-biblia-2024-310824-300x188.webp 300w, https:\/\/academiapastoralnb.org\/wp-content\/uploads\/2025\/08\/mes-de-la-biblia-2024-310824-1024x640.webp 1024w, https:\/\/academiapastoralnb.org\/wp-content\/uploads\/2025\/08\/mes-de-la-biblia-2024-310824-768x480.webp 768w, https:\/\/academiapastoralnb.org\/wp-content\/uploads\/2025\/08\/mes-de-la-biblia-2024-310824-1536x960.webp 1536w\" sizes=\"(max-width: 1600px) 100vw, 1600px\" \/>\t\t\t\t\t\t\t\t\t\t\t\t\t\t\t<\/div>\n\t\t\t\t<div class=\"elementor-element elementor-element-2d5b0d9 elementor-widget elementor-widget-heading\" data-id=\"2d5b0d9\" data-element_type=\"widget\" data-e-type=\"widget\" data-widget_type=\"heading.default\">\n\t\t\t\t\t<h2 class=\"elementor-heading-title elementor-size-default\">Bibliolog\u00eda<\/h2>\t\t\t\t<\/div>\n\t\t\t\t<div class=\"elementor-element elementor-element-7c5b309 elementor-widget elementor-widget-text-editor\" data-id=\"7c5b309\" data-element_type=\"widget\" data-e-type=\"widget\" data-widget_type=\"text-editor.default\">\n\t\t\t\t\t\t\t\t\t<p>Estudio del canon, ex\u00e9gesis y an\u00e1lisis de toda la Biblia, profundizando en su contenido, estructura y mensaje teol\u00f3gico.<\/p>\t\t\t\t\t\t\t\t<\/div>\n\t\t\t\t<\/div>\n\t\t<div class=\"elementor-element elementor-element-ea73f97 e-con-full e-flex wpr-particle-no wpr-jarallax-no wpr-parallax-no wpr-sticky-section-no wpr-equal-height-no elementor-invisible e-con e-child\" data-id=\"ea73f97\" data-element_type=\"container\" data-e-type=\"container\" data-settings=\"{&quot;background_background&quot;:&quot;classic&quot;,&quot;animation&quot;:&quot;fadeIn&quot;}\">\n\t\t\t\t<div class=\"elementor-element elementor-element-26aaa96 elementor-widget elementor-widget-image\" data-id=\"26aaa96\" data-element_type=\"widget\" data-e-type=\"widget\" data-widget_type=\"image.default\">\n\t\t\t\t\t\t\t\t\t\t\t\t\t\t\t<img loading=\"lazy\" decoding=\"async\" width=\"960\" height=\"540\" src=\"https:\/\/academiapastoralnb.org\/wp-content\/uploads\/2025\/09\/50-versiones-de-la-Biblia-en-espanol.png\" class=\"attachment-full size-full wp-image-4925\" alt=\"\" srcset=\"https:\/\/academiapastoralnb.org\/wp-content\/uploads\/2025\/09\/50-versiones-de-la-Biblia-en-espanol.png 960w, https:\/\/academiapastoralnb.org\/wp-content\/uploads\/2025\/09\/50-versiones-de-la-Biblia-en-espanol-300x169.png 300w, https:\/\/academiapastoralnb.org\/wp-content\/uploads\/2025\/09\/50-versiones-de-la-Biblia-en-espanol-768x432.png 768w, https:\/\/academiapastoralnb.org\/wp-content\/uploads\/2025\/09\/50-versiones-de-la-Biblia-en-espanol-18x10.png 18w\" sizes=\"(max-width: 960px) 100vw, 960px\" \/>\t\t\t\t\t\t\t\t\t\t\t\t\t\t\t<\/div>\n\t\t\t\t<div class=\"elementor-element elementor-element-fd6e888 elementor-widget elementor-widget-heading\" data-id=\"fd6e888\" data-element_type=\"widget\" data-e-type=\"widget\" data-widget_type=\"heading.default\">\n\t\t\t\t\t<h2 class=\"elementor-heading-title elementor-size-default\">Curso de Espa\u00f1ol<\/h2>\t\t\t\t<\/div>\n\t\t\t\t<div class=\"elementor-element elementor-element-c1d235b elementor-widget elementor-widget-text-editor\" data-id=\"c1d235b\" data-element_type=\"widget\" data-e-type=\"widget\" data-widget_type=\"text-editor.default\">\n\t\t\t\t\t\t\t\t\tDise\u00f1ado para fortalecer las habilidades ling\u00fc\u00edsticas necesarias en el ministerio y la ense\u00f1anza b\u00edblica.\nAplica la lengua para la proclamaci\u00f3n de la Palabra y la formaci\u00f3n pastoral.\t\t\t\t\t\t\t\t<\/div>\n\t\t\t\t<\/div>\n\t\t\t\t<\/div>\n\t\t\t\t\t<\/div>\n\t\t\t\t<\/div>\n\t\t\t\t\t<\/div>\n\t\t\t\t<\/div>\n\t\t\t\t<\/div>\n\t\t","protected":false},"excerpt":{"rendered":"<p>Formaci\u00f3n Pastoral Inicio Cursos Cursos En nuestra Academia Pastoral ofrecemos cursos de formaci\u00f3n integral, dise\u00f1ados para preparar a hombres con un claro llamado al ministerio pastoral. Cada curso une una ense\u00f1anza b\u00edblica fiel y rigurosa con el desarrollo de habilidades pr\u00e1cticas necesarias para el servicio en la iglesia local. Adem\u00e1s, brindamos un acompa\u00f1amiento espiritual cercano, de modo que nuestros estudiantes no solo crezcan en conocimiento teol\u00f3gico, sino tambi\u00e9n en car\u00e1cter cristiano y en madurez espiritual. Nuestro compromiso es formar l\u00edderes que, guiados por la Palabra de Dios y sostenidos por una vida de oraci\u00f3n, puedan pastorear con fidelidad, ense\u00f1ar con claridad y servir con humildad al pueblo de Cristo. De esta manera, cada estudiante es equipado para responder al alto y santo llamado del ministerio, siendo un obrero aprobado que maneja rectamente la Palabra de verdad. Teolog\u00eda B\u00edblica Estudio panor\u00e1mico de la revelaci\u00f3n progresiva de Dios, analizando la unidad tem\u00e1tica y teol\u00f3gica de las Escrituras desde G\u00e9nesis hasta Apocalipsis. Teolog\u00eda Sistem\u00e1tica Estudio ordenado de las doctrinas centrales de la fe cristiana, organizadas tem\u00e1ticamente para comprender su fundamento b\u00edblico y su aplicaci\u00f3n actual. Teolog\u00eda Hist\u00f3rica An\u00e1lisis del desarrollo doctrinal a lo largo de la historia de la iglesia, desde los padres apost\u00f3licos hasta la teolog\u00eda contempor\u00e1nea. Teolog\u00eda Pastoral Estudio de los principios b\u00edblicos y teol\u00f3gicos para el cuidado, liderazgo y formaci\u00f3n de la iglesia en su misi\u00f3n y servicio. Curso de Griego Introducci\u00f3n al griego koin\u00e9, lengua original del Nuevo Testamento, para el estudio directo de las Escrituras y el an\u00e1lisis exeg\u00e9tico. Hermen\u00e9utica La hermen\u00e9utica es la disciplina que se encarga del estudio e interpretaci\u00f3n de textos, buscando comprender su sentido profundo y original. \u00c9tica An\u00e1lisis de los principios morales y valores b\u00edblicos que gu\u00edan la vida cristiana, aplicados al pensamiento y la conducta contempor\u00e1nea. Apolog\u00e9tica Estudio de la defensa racional de la fe cristiana, fundamentada en la Biblia, la historia y la raz\u00f3n, para responder a objeciones y fortalecer la doctrina. Pol\u00e9mica Examen de los debates teol\u00f3gicos y controversias hist\u00f3ricas dentro del cristianismo, con enfoque en la defensa y claridad de la verdad b\u00edblica. Teolog\u00eda Estudio sistem\u00e1tico y reflexivo de Dios y su obra, fundamentado en las Escrituras, la tradici\u00f3n y la raz\u00f3n cristiana. Cristolog\u00eda An\u00e1lisis teol\u00f3gico de la persona y obra de Jesucristo, su divinidad, humanidad y redenci\u00f3n seg\u00fan las Escrituras. Soteriolog\u00eda Estudio doctrinal de la salvaci\u00f3n en Cristo, su fundamento b\u00edblico, alcance y aplicaci\u00f3n en la vida del creyente. Apocalipsis An\u00e1lisis del libro de Apocalipsis, su contexto hist\u00f3rico y literario, y la revelaci\u00f3n del plan escatol\u00f3gico de Dios para la historia y la iglesia. Bibliolog\u00eda Estudio del canon, ex\u00e9gesis y an\u00e1lisis de toda la Biblia, profundizando en su contenido, estructura y mensaje teol\u00f3gico. Curso de Espa\u00f1ol Dise\u00f1ado para fortalecer las habilidades ling\u00fc\u00edsticas necesarias en el ministerio y la ense\u00f1anza b\u00edblica. Aplica la lengua para la proclamaci\u00f3n de la Palabra y la formaci\u00f3n pastoral.<\/p>\n","protected":false},"author":1,"featured_media":0,"parent":0,"menu_order":0,"comment_status":"closed","ping_status":"closed","template":"elementor_canvas","meta":{"footnotes":""},"class_list":["post-1370","page","type-page","status-publish","hentry"],"yoast_head":"<!-- This site is optimized with the Yoast SEO plugin v27.5 - https:\/\/yoast.com\/product\/yoast-seo-wordpress\/ -->\n<title>Cursos - Academia Pastoral de North Bergen<\/title>\n<meta name=\"robots\" content=\"index, follow, max-snippet:-1, max-image-preview:large, max-video-preview:-1\" \/>\n<link rel=\"canonical\" href=\"https:\/\/academiapastoralnb.org\/es\/ncursos\/\" \/>\n<meta property=\"og:locale\" content=\"es_ES\" \/>\n<meta property=\"og:type\" content=\"article\" \/>\n<meta property=\"og:title\" content=\"Cursos - Academia Pastoral de North Bergen\" \/>\n<meta property=\"og:description\" content=\"Formaci\u00f3n Pastoral Inicio Cursos Cursos En nuestra Academia Pastoral ofrecemos cursos de formaci\u00f3n integral, dise\u00f1ados para preparar a hombres con un claro llamado al ministerio pastoral. Cada curso une una ense\u00f1anza b\u00edblica fiel y rigurosa con el desarrollo de habilidades pr\u00e1cticas necesarias para el servicio en la iglesia local. Adem\u00e1s, brindamos un acompa\u00f1amiento espiritual cercano, de modo que nuestros estudiantes no solo crezcan en conocimiento teol\u00f3gico, sino tambi\u00e9n en car\u00e1cter cristiano y en madurez espiritual. Nuestro compromiso es formar l\u00edderes que, guiados por la Palabra de Dios y sostenidos por una vida de oraci\u00f3n, puedan pastorear con fidelidad, ense\u00f1ar con claridad y servir con humildad al pueblo de Cristo. De esta manera, cada estudiante es equipado para responder al alto y santo llamado del ministerio, siendo un obrero aprobado que maneja rectamente la Palabra de verdad. Teolog\u00eda B\u00edblica Estudio panor\u00e1mico de la revelaci\u00f3n progresiva de Dios, analizando la unidad tem\u00e1tica y teol\u00f3gica de las Escrituras desde G\u00e9nesis hasta Apocalipsis. Teolog\u00eda Sistem\u00e1tica Estudio ordenado de las doctrinas centrales de la fe cristiana, organizadas tem\u00e1ticamente para comprender su fundamento b\u00edblico y su aplicaci\u00f3n actual. Teolog\u00eda Hist\u00f3rica An\u00e1lisis del desarrollo doctrinal a lo largo de la historia de la iglesia, desde los padres apost\u00f3licos hasta la teolog\u00eda contempor\u00e1nea. Teolog\u00eda Pastoral Estudio de los principios b\u00edblicos y teol\u00f3gicos para el cuidado, liderazgo y formaci\u00f3n de la iglesia en su misi\u00f3n y servicio. Curso de Griego Introducci\u00f3n al griego koin\u00e9, lengua original del Nuevo Testamento, para el estudio directo de las Escrituras y el an\u00e1lisis exeg\u00e9tico. Hermen\u00e9utica La hermen\u00e9utica es la disciplina que se encarga del estudio e interpretaci\u00f3n de textos, buscando comprender su sentido profundo y original. \u00c9tica An\u00e1lisis de los principios morales y valores b\u00edblicos que gu\u00edan la vida cristiana, aplicados al pensamiento y la conducta contempor\u00e1nea. Apolog\u00e9tica Estudio de la defensa racional de la fe cristiana, fundamentada en la Biblia, la historia y la raz\u00f3n, para responder a objeciones y fortalecer la doctrina. Pol\u00e9mica Examen de los debates teol\u00f3gicos y controversias hist\u00f3ricas dentro del cristianismo, con enfoque en la defensa y claridad de la verdad b\u00edblica. Teolog\u00eda Estudio sistem\u00e1tico y reflexivo de Dios y su obra, fundamentado en las Escrituras, la tradici\u00f3n y la raz\u00f3n cristiana. Cristolog\u00eda An\u00e1lisis teol\u00f3gico de la persona y obra de Jesucristo, su divinidad, humanidad y redenci\u00f3n seg\u00fan las Escrituras. Soteriolog\u00eda Estudio doctrinal de la salvaci\u00f3n en Cristo, su fundamento b\u00edblico, alcance y aplicaci\u00f3n en la vida del creyente. Apocalipsis An\u00e1lisis del libro de Apocalipsis, su contexto hist\u00f3rico y literario, y la revelaci\u00f3n del plan escatol\u00f3gico de Dios para la historia y la iglesia. Bibliolog\u00eda Estudio del canon, ex\u00e9gesis y an\u00e1lisis de toda la Biblia, profundizando en su contenido, estructura y mensaje teol\u00f3gico. Curso de Espa\u00f1ol Dise\u00f1ado para fortalecer las habilidades ling\u00fc\u00edsticas necesarias en el ministerio y la ense\u00f1anza b\u00edblica. Aplica la lengua para la proclamaci\u00f3n de la Palabra y la formaci\u00f3n pastoral.\" \/>\n<meta property=\"og:url\" content=\"https:\/\/academiapastoralnb.org\/es\/ncursos\/\" \/>\n<meta property=\"og:site_name\" content=\"Academia Pastoral de North Bergen\" \/>\n<meta property=\"article:modified_time\" content=\"2026-04-14T14:55:34+00:00\" \/>\n<meta property=\"og:image\" content=\"https:\/\/academiapastoralnb.org\/wp-content\/uploads\/2025\/08\/AdobeStockFotos_academia26.jpg\" \/>\n<meta name=\"twitter:card\" content=\"summary_large_image\" \/>\n<meta name=\"twitter:label1\" content=\"Tiempo de lectura\" \/>\n\t<meta name=\"twitter:data1\" content=\"3 minutos\" \/>\n<script type=\"application\/ld+json\" class=\"yoast-schema-graph\">{\"@context\":\"https:\\\/\\\/schema.org\",\"@graph\":[{\"@type\":\"WebPage\",\"@id\":\"https:\\\/\\\/academiapastoralnb.org\\\/ncursos\\\/\",\"url\":\"https:\\\/\\\/academiapastoralnb.org\\\/ncursos\\\/\",\"name\":\"Cursos - Academia Pastoral de North Bergen\",\"isPartOf\":{\"@id\":\"https:\\\/\\\/academiapastoralnb.org\\\/#website\"},\"primaryImageOfPage\":{\"@id\":\"https:\\\/\\\/academiapastoralnb.org\\\/ncursos\\\/#primaryimage\"},\"image\":{\"@id\":\"https:\\\/\\\/academiapastoralnb.org\\\/ncursos\\\/#primaryimage\"},\"thumbnailUrl\":\"https:\\\/\\\/academiapastoralnb.org\\\/wp-content\\\/uploads\\\/2025\\\/08\\\/AdobeStockFotos_academia26.jpg\",\"datePublished\":\"2024-04-16T05:44:05+00:00\",\"dateModified\":\"2026-04-14T14:55:34+00:00\",\"breadcrumb\":{\"@id\":\"https:\\\/\\\/academiapastoralnb.org\\\/ncursos\\\/#breadcrumb\"},\"inLanguage\":\"es\",\"potentialAction\":[{\"@type\":\"ReadAction\",\"target\":[\"https:\\\/\\\/academiapastoralnb.org\\\/ncursos\\\/\"]}]},{\"@type\":\"ImageObject\",\"inLanguage\":\"es\",\"@id\":\"https:\\\/\\\/academiapastoralnb.org\\\/ncursos\\\/#primaryimage\",\"url\":\"https:\\\/\\\/academiapastoralnb.org\\\/wp-content\\\/uploads\\\/2025\\\/08\\\/AdobeStockFotos_academia26.jpg\",\"contentUrl\":\"https:\\\/\\\/academiapastoralnb.org\\\/wp-content\\\/uploads\\\/2025\\\/08\\\/AdobeStockFotos_academia26.jpg\"},{\"@type\":\"BreadcrumbList\",\"@id\":\"https:\\\/\\\/academiapastoralnb.org\\\/ncursos\\\/#breadcrumb\",\"itemListElement\":[{\"@type\":\"ListItem\",\"position\":1,\"name\":\"Home\",\"item\":\"https:\\\/\\\/academiapastoralnb.org\\\/\"},{\"@type\":\"ListItem\",\"position\":2,\"name\":\"Cursos\"}]},{\"@type\":\"WebSite\",\"@id\":\"https:\\\/\\\/academiapastoralnb.org\\\/#website\",\"url\":\"https:\\\/\\\/academiapastoralnb.org\\\/\",\"name\":\"Academia Pastoral de North Bergen\",\"description\":\"Formaci\u00f3n B\u00edblica y Pastoral: para servir a Dios y a su iglesia\",\"potentialAction\":[{\"@type\":\"SearchAction\",\"target\":{\"@type\":\"EntryPoint\",\"urlTemplate\":\"https:\\\/\\\/academiapastoralnb.org\\\/?s={search_term_string}\"},\"query-input\":{\"@type\":\"PropertyValueSpecification\",\"valueRequired\":true,\"valueName\":\"search_term_string\"}}],\"inLanguage\":\"es\"}]}<\/script>\n<!-- \/ Yoast SEO plugin. -->","yoast_head_json":{"title":"Cursos - Academia Pastoral de North Bergen","robots":{"index":"index","follow":"follow","max-snippet":"max-snippet:-1","max-image-preview":"max-image-preview:large","max-video-preview":"max-video-preview:-1"},"canonical":"https:\/\/academiapastoralnb.org\/es\/ncursos\/","og_locale":"es_ES","og_type":"article","og_title":"Cursos - Academia Pastoral de North Bergen","og_description":"Formaci\u00f3n Pastoral Inicio Cursos Cursos En nuestra Academia Pastoral ofrecemos cursos de formaci\u00f3n integral, dise\u00f1ados para preparar a hombres con un claro llamado al ministerio pastoral. Cada curso une una ense\u00f1anza b\u00edblica fiel y rigurosa con el desarrollo de habilidades pr\u00e1cticas necesarias para el servicio en la iglesia local. Adem\u00e1s, brindamos un acompa\u00f1amiento espiritual cercano, de modo que nuestros estudiantes no solo crezcan en conocimiento teol\u00f3gico, sino tambi\u00e9n en car\u00e1cter cristiano y en madurez espiritual. Nuestro compromiso es formar l\u00edderes que, guiados por la Palabra de Dios y sostenidos por una vida de oraci\u00f3n, puedan pastorear con fidelidad, ense\u00f1ar con claridad y servir con humildad al pueblo de Cristo. De esta manera, cada estudiante es equipado para responder al alto y santo llamado del ministerio, siendo un obrero aprobado que maneja rectamente la Palabra de verdad. Teolog\u00eda B\u00edblica Estudio panor\u00e1mico de la revelaci\u00f3n progresiva de Dios, analizando la unidad tem\u00e1tica y teol\u00f3gica de las Escrituras desde G\u00e9nesis hasta Apocalipsis. Teolog\u00eda Sistem\u00e1tica Estudio ordenado de las doctrinas centrales de la fe cristiana, organizadas tem\u00e1ticamente para comprender su fundamento b\u00edblico y su aplicaci\u00f3n actual. Teolog\u00eda Hist\u00f3rica An\u00e1lisis del desarrollo doctrinal a lo largo de la historia de la iglesia, desde los padres apost\u00f3licos hasta la teolog\u00eda contempor\u00e1nea. Teolog\u00eda Pastoral Estudio de los principios b\u00edblicos y teol\u00f3gicos para el cuidado, liderazgo y formaci\u00f3n de la iglesia en su misi\u00f3n y servicio. Curso de Griego Introducci\u00f3n al griego koin\u00e9, lengua original del Nuevo Testamento, para el estudio directo de las Escrituras y el an\u00e1lisis exeg\u00e9tico. Hermen\u00e9utica La hermen\u00e9utica es la disciplina que se encarga del estudio e interpretaci\u00f3n de textos, buscando comprender su sentido profundo y original. \u00c9tica An\u00e1lisis de los principios morales y valores b\u00edblicos que gu\u00edan la vida cristiana, aplicados al pensamiento y la conducta contempor\u00e1nea. Apolog\u00e9tica Estudio de la defensa racional de la fe cristiana, fundamentada en la Biblia, la historia y la raz\u00f3n, para responder a objeciones y fortalecer la doctrina. Pol\u00e9mica Examen de los debates teol\u00f3gicos y controversias hist\u00f3ricas dentro del cristianismo, con enfoque en la defensa y claridad de la verdad b\u00edblica. Teolog\u00eda Estudio sistem\u00e1tico y reflexivo de Dios y su obra, fundamentado en las Escrituras, la tradici\u00f3n y la raz\u00f3n cristiana. Cristolog\u00eda An\u00e1lisis teol\u00f3gico de la persona y obra de Jesucristo, su divinidad, humanidad y redenci\u00f3n seg\u00fan las Escrituras. Soteriolog\u00eda Estudio doctrinal de la salvaci\u00f3n en Cristo, su fundamento b\u00edblico, alcance y aplicaci\u00f3n en la vida del creyente. Apocalipsis An\u00e1lisis del libro de Apocalipsis, su contexto hist\u00f3rico y literario, y la revelaci\u00f3n del plan escatol\u00f3gico de Dios para la historia y la iglesia. Bibliolog\u00eda Estudio del canon, ex\u00e9gesis y an\u00e1lisis de toda la Biblia, profundizando en su contenido, estructura y mensaje teol\u00f3gico. Curso de Espa\u00f1ol Dise\u00f1ado para fortalecer las habilidades ling\u00fc\u00edsticas necesarias en el ministerio y la ense\u00f1anza b\u00edblica. Aplica la lengua para la proclamaci\u00f3n de la Palabra y la formaci\u00f3n pastoral.","og_url":"https:\/\/academiapastoralnb.org\/es\/ncursos\/","og_site_name":"Academia Pastoral de North Bergen","article_modified_time":"2026-04-14T14:55:34+00:00","og_image":[{"url":"https:\/\/academiapastoralnb.org\/wp-content\/uploads\/2025\/08\/AdobeStockFotos_academia26.jpg","type":"","width":"","height":""}],"twitter_card":"summary_large_image","twitter_misc":{"Tiempo de lectura":"3 minutos"},"schema":{"@context":"https:\/\/schema.org","@graph":[{"@type":"WebPage","@id":"https:\/\/academiapastoralnb.org\/ncursos\/","url":"https:\/\/academiapastoralnb.org\/ncursos\/","name":"Cursos - Academia Pastoral de North Bergen","isPartOf":{"@id":"https:\/\/academiapastoralnb.org\/#website"},"primaryImageOfPage":{"@id":"https:\/\/academiapastoralnb.org\/ncursos\/#primaryimage"},"image":{"@id":"https:\/\/academiapastoralnb.org\/ncursos\/#primaryimage"},"thumbnailUrl":"https:\/\/academiapastoralnb.org\/wp-content\/uploads\/2025\/08\/AdobeStockFotos_academia26.jpg","datePublished":"2024-04-16T05:44:05+00:00","dateModified":"2026-04-14T14:55:34+00:00","breadcrumb":{"@id":"https:\/\/academiapastoralnb.org\/ncursos\/#breadcrumb"},"inLanguage":"es","potentialAction":[{"@type":"ReadAction","target":["https:\/\/academiapastoralnb.org\/ncursos\/"]}]},{"@type":"ImageObject","inLanguage":"es","@id":"https:\/\/academiapastoralnb.org\/ncursos\/#primaryimage","url":"https:\/\/academiapastoralnb.org\/wp-content\/uploads\/2025\/08\/AdobeStockFotos_academia26.jpg","contentUrl":"https:\/\/academiapastoralnb.org\/wp-content\/uploads\/2025\/08\/AdobeStockFotos_academia26.jpg"},{"@type":"BreadcrumbList","@id":"https:\/\/academiapastoralnb.org\/ncursos\/#breadcrumb","itemListElement":[{"@type":"ListItem","position":1,"name":"Home","item":"https:\/\/academiapastoralnb.org\/"},{"@type":"ListItem","position":2,"name":"Cursos"}]},{"@type":"WebSite","@id":"https:\/\/academiapastoralnb.org\/#website","url":"https:\/\/academiapastoralnb.org\/","name":"Academia Pastoral de North Bergen","description":"Formaci\u00f3n B\u00edblica y Pastoral: para servir a Dios y a su iglesia","potentialAction":[{"@type":"SearchAction","target":{"@type":"EntryPoint","urlTemplate":"https:\/\/academiapastoralnb.org\/?s={search_term_string}"},"query-input":{"@type":"PropertyValueSpecification","valueRequired":true,"valueName":"search_term_string"}}],"inLanguage":"es"}]}},"_links":{"self":[{"href":"https:\/\/academiapastoralnb.org\/es\/wp-json\/wp\/v2\/pages\/1370","targetHints":{"allow":["GET"]}}],"collection":[{"href":"https:\/\/academiapastoralnb.org\/es\/wp-json\/wp\/v2\/pages"}],"about":[{"href":"https:\/\/academiapastoralnb.org\/es\/wp-json\/wp\/v2\/types\/page"}],"author":[{"embeddable":true,"href":"https:\/\/academiapastoralnb.org\/es\/wp-json\/wp\/v2\/users\/1"}],"replies":[{"embeddable":true,"href":"https:\/\/academiapastoralnb.org\/es\/wp-json\/wp\/v2\/comments?post=1370"}],"version-history":[{"count":213,"href":"https:\/\/academiapastoralnb.org\/es\/wp-json\/wp\/v2\/pages\/1370\/revisions"}],"predecessor-version":[{"id":10891,"href":"https:\/\/academiapastoralnb.org\/es\/wp-json\/wp\/v2\/pages\/1370\/revisions\/10891"}],"wp:attachment":[{"href":"https:\/\/academiapastoralnb.org\/es\/wp-json\/wp\/v2\/media?parent=1370"}],"curies":[{"name":"wp","href":"https:\/\/api.w.org\/{rel}","templated":true}]}}