{"id":1369,"date":"2024-04-16T05:43:52","date_gmt":"2024-04-16T05:43:52","guid":{"rendered":"https:\/\/demosites.royal-elementor-addons.com\/online-course-v1\/?page_id=8"},"modified":"2025-12-11T05:09:54","modified_gmt":"2025-12-11T05:09:54","slug":"nosotros","status":"publish","type":"page","link":"https:\/\/academiapastoralnb.org\/en\/nosotros\/","title":{"rendered":"About Us"},"content":{"rendered":"<div data-elementor-type=\"wp-page\" data-elementor-id=\"1369\" class=\"elementor elementor-1369\">\n\t\t\t\t<div class=\"elementor-element elementor-element-f206bf9 e-flex e-con-boxed wpr-particle-no wpr-jarallax-no wpr-parallax-no wpr-sticky-section-no wpr-equal-height-no e-con e-parent\" data-id=\"f206bf9\" data-element_type=\"container\" data-e-type=\"container\" data-settings=\"{&quot;background_background&quot;:&quot;classic&quot;}\">\n\t\t\t\t\t<div class=\"e-con-inner\">\n\t\t<div class=\"elementor-element elementor-element-5d62d05 e-flex e-con-boxed wpr-particle-no wpr-jarallax-no wpr-parallax-no wpr-sticky-section-no wpr-equal-height-no e-con e-child\" data-id=\"5d62d05\" data-element_type=\"container\" data-e-type=\"container\">\n\t\t\t\t\t<div class=\"e-con-inner\">\n\t\t\t\t<div class=\"elementor-element elementor-element-5089157 elementor-widget elementor-widget-heading\" data-id=\"5089157\" data-element_type=\"widget\" data-e-type=\"widget\" data-widget_type=\"heading.default\">\n\t\t\t\t\t<h2 class=\"elementor-heading-title elementor-size-default translation-block\">Pastoral Academy  <span style=\"font-size:50%\">of North Bergen<\/span><\/h2>\t\t\t\t<\/div>\n\t\t\t\t<div class=\"elementor-element elementor-element-26fce72 elementor-icon-list--layout-inline elementor-list-item-link-full_width elementor-widget elementor-widget-icon-list\" data-id=\"26fce72\" data-element_type=\"widget\" data-e-type=\"widget\" data-widget_type=\"icon-list.default\">\n\t\t\t\t\t\t\t<ul class=\"elementor-icon-list-items elementor-inline-items\">\n\t\t\t\t\t\t\t<li class=\"elementor-icon-list-item elementor-inline-item\">\n\t\t\t\t\t\t\t\t\t\t\t<a href=\"https:\/\/academiapastoralnb.org\/en\/inicio\/\">\n\n\t\t\t\t\t\t\t\t\t\t\t\t<span class=\"elementor-icon-list-icon\">\n\t\t\t\t\t\t\t<svg aria-hidden=\"true\" class=\"e-font-icon-svg e-fas-home\" viewbox=\"0 0 576 512\" xmlns=\"http:\/\/www.w3.org\/2000\/svg\"><path d=\"M280.37 148.26L96 300.11V464a16 16 0 0 0 16 16l112.06-.29a16 16 0 0 0 15.92-16V368a16 16 0 0 1 16-16h64a16 16 0 0 1 16 16v95.64a16 16 0 0 0 16 16.05L464 480a16 16 0 0 0 16-16V300L295.67 148.26a12.19 12.19 0 0 0-15.3 0zM571.6 251.47L488 182.56V44.05a12 12 0 0 0-12-12h-56a12 12 0 0 0-12 12v72.61L318.47 43a48 48 0 0 0-61 0L4.34 251.47a12 12 0 0 0-1.6 16.9l25.5 31A12 12 0 0 0 45.15 301l235.22-193.74a12.19 12.19 0 0 1 15.3 0L530.9 301a12 12 0 0 0 16.9-1.6l25.5-31a12 12 0 0 0-1.7-16.93z\"><\/path><\/svg>\t\t\t\t\t\t<\/span>\n\t\t\t\t\t\t\t\t\t\t<span class=\"elementor-icon-list-text\">Home<\/span>\n\t\t\t\t\t\t\t\t\t\t\t<\/a>\n\t\t\t\t\t\t\t\t\t<\/li>\n\t\t\t\t\t\t\t\t<li class=\"elementor-icon-list-item elementor-inline-item\">\n\t\t\t\t\t\t\t\t\t\t\t<span class=\"elementor-icon-list-icon\">\n\t\t\t\t\t\t\t<svg aria-hidden=\"true\" class=\"e-font-icon-svg e-fas-users\" viewbox=\"0 0 640 512\" xmlns=\"http:\/\/www.w3.org\/2000\/svg\"><path d=\"M96 224c35.3 0 64-28.7 64-64s-28.7-64-64-64-64 28.7-64 64 28.7 64 64 64zm448 0c35.3 0 64-28.7 64-64s-28.7-64-64-64-64 28.7-64 64 28.7 64 64 64zm32 32h-64c-17.6 0-33.5 7.1-45.1 18.6 40.3 22.1 68.9 62 75.1 109.4h66c17.7 0 32-14.3 32-32v-32c0-35.3-28.7-64-64-64zm-256 0c61.9 0 112-50.1 112-112S381.9 32 320 32 208 82.1 208 144s50.1 112 112 112zm76.8 32h-8.3c-20.8 10-43.9 16-68.5 16s-47.6-6-68.5-16h-8.3C179.6 288 128 339.6 128 403.2V432c0 26.5 21.5 48 48 48h288c26.5 0 48-21.5 48-48v-28.8c0-63.6-51.6-115.2-115.2-115.2zm-223.7-13.4C161.5 263.1 145.6 256 128 256H64c-35.3 0-64 28.7-64 64v32c0 17.7 14.3 32 32 32h65.9c6.3-47.4 34.9-87.3 75.2-109.4z\"><\/path><\/svg>\t\t\t\t\t\t<\/span>\n\t\t\t\t\t\t\t\t\t\t<span class=\"elementor-icon-list-text\">About Us<\/span>\n\t\t\t\t\t\t\t\t\t<\/li>\n\t\t\t\t\t\t<\/ul>\n\t\t\t\t\t\t<\/div>\n\t\t\t\t\t<\/div>\n\t\t\t\t<\/div>\n\t\t\t\t\t<\/div>\n\t\t\t\t<\/div>\n\t\t<div class=\"elementor-element elementor-element-c1cf32a e-flex e-con-boxed wpr-particle-no wpr-jarallax-no wpr-parallax-no wpr-sticky-section-no wpr-equal-height-no e-con e-parent\" data-id=\"c1cf32a\" data-element_type=\"container\" data-e-type=\"container\">\n\t\t\t\t\t<div class=\"e-con-inner\">\n\t\t\t\t<div class=\"elementor-element elementor-element-aa10795 elementor-widget elementor-widget-heading\" data-id=\"aa10795\" data-element_type=\"widget\" data-e-type=\"widget\" data-widget_type=\"heading.default\">\n\t\t\t\t\t<h2 class=\"elementor-heading-title elementor-size-default\">About the Academy<\/h2>\t\t\t\t<\/div>\n\t\t\t\t\t<\/div>\n\t\t\t\t<\/div>\n\t\t\t\t<section class=\"elementor-section elementor-top-section elementor-element elementor-element-a7a5299 elementor-section-boxed elementor-section-height-default elementor-section-height-default wpr-particle-no wpr-jarallax-no wpr-parallax-no wpr-sticky-section-no wpr-equal-height-no\" data-id=\"a7a5299\" data-element_type=\"section\" data-e-type=\"section\">\n\t\t\t\t\t\t<div class=\"elementor-container elementor-column-gap-default\">\n\t\t\t\t\t<div class=\"elementor-column elementor-col-50 elementor-top-column elementor-element elementor-element-2c8788e\" data-id=\"2c8788e\" data-element_type=\"column\" data-e-type=\"column\">\n\t\t\t<div class=\"elementor-widget-wrap elementor-element-populated\">\n\t\t\t\t\t\t<div class=\"elementor-element elementor-element-a48c4a5 elementor-widget elementor-widget-text-editor\" data-id=\"a48c4a5\" data-element_type=\"widget\" data-e-type=\"widget\" data-widget_type=\"text-editor.default\">\n\t\t\t\t\t\t\t\t\t<p>At the North Bergen Pastoral Academy, we firmly believe that pastoral ministry is both a privilege and a sacred responsibility, granted by God to those whom He has called.<\/p><p>It is not merely about acquiring knowledge, but about cultivating a heart conformed to Christ, ready to serve the church with humility, faithfulness, and love for the truth of the gospel.<\/p><p>Our mission is to prepare men faithful to the Word, with proven character and a clear vision to lead God\u2019s people in obedience to the Scriptures.<\/p><p>We strive to provide rigorous academic training, accompanied by personal discipleship and spiritual guidance, so that each student is equipped not only in theological knowledge but also in ministry practice and godly living.<\/p><p>Here you will find a space where biblical teaching is combined with pastoral experience, where the community of brothers and servants of God walks together in faith, and where every aspect of formation is aimed at glorifying Christ and building His church.<\/p><p>\u00a0<\/p><ul><li class=\"translation-block\">Solid Biblical Preparation<\/span> \u2013 Studies focused on Scripture as the foundation.<br><br><\/li><li class=\"translation-block\">Focus on the Pastoral Calling<\/span> \u2013 Practical education for ministerial leadership.<br><br><\/li><li>Pastores y profesores\u2013 Dedicados a ense\u00f1ar y aplicar todo el consejo de Dios en cada aspecto de la vida.<\/li><\/ul><div>\u00a0<\/div>\t\t\t\t\t\t\t\t<\/div>\n\t\t\t\t\t<\/div>\n\t\t<\/div>\n\t\t\t\t<div class=\"elementor-column elementor-col-50 elementor-top-column elementor-element elementor-element-611907d\" data-id=\"611907d\" data-element_type=\"column\" data-e-type=\"column\">\n\t\t\t<div class=\"elementor-widget-wrap elementor-element-populated\">\n\t\t\t\t\t\t<div class=\"elementor-element elementor-element-1e65f7b elementor-widget elementor-widget-image\" data-id=\"1e65f7b\" data-element_type=\"widget\" data-e-type=\"widget\" data-widget_type=\"image.default\">\n\t\t\t\t\t\t\t\t\t\t\t\t\t\t\t\t<a href=\"https:\/\/academiapastoralnb.org\/en\/nosotros\/\">\n\t\t\t\t\t\t\t<img fetchpriority=\"high\" decoding=\"async\" width=\"960\" height=\"640\" src=\"https:\/\/academiapastoralnb.org\/wp-content\/uploads\/2025\/12\/3db8d02c-3096-4a33-b7a8-7ce94a7e0ca6-1024x683.png\" class=\"attachment-large size-large wp-image-8387\" alt=\"\" srcset=\"https:\/\/academiapastoralnb.org\/wp-content\/uploads\/2025\/12\/3db8d02c-3096-4a33-b7a8-7ce94a7e0ca6-1024x683.png 1024w, https:\/\/academiapastoralnb.org\/wp-content\/uploads\/2025\/12\/3db8d02c-3096-4a33-b7a8-7ce94a7e0ca6-300x200.png 300w, https:\/\/academiapastoralnb.org\/wp-content\/uploads\/2025\/12\/3db8d02c-3096-4a33-b7a8-7ce94a7e0ca6-768x512.png 768w, https:\/\/academiapastoralnb.org\/wp-content\/uploads\/2025\/12\/3db8d02c-3096-4a33-b7a8-7ce94a7e0ca6-18x12.png 18w, https:\/\/academiapastoralnb.org\/wp-content\/uploads\/2025\/12\/3db8d02c-3096-4a33-b7a8-7ce94a7e0ca6.png 1536w\" sizes=\"(max-width: 960px) 100vw, 960px\" \/>\t\t\t\t\t\t\t\t<\/a>\n\t\t\t\t\t\t\t\t\t\t\t\t\t\t\t<\/div>\n\t\t\t\t\t<\/div>\n\t\t<\/div>\n\t\t\t\t\t<\/div>\n\t\t<\/section>\n\t\t<div class=\"elementor-element elementor-element-3782550 e-flex e-con-boxed wpr-particle-no wpr-jarallax-no wpr-parallax-no wpr-sticky-section-no wpr-equal-height-no e-con e-parent\" data-id=\"3782550\" data-element_type=\"container\" data-e-type=\"container\">\n\t\t\t\t\t<div class=\"e-con-inner\">\n\t\t\t\t<div class=\"elementor-element elementor-element-8ee91cc elementor-widget elementor-widget-heading\" data-id=\"8ee91cc\" data-element_type=\"widget\" data-e-type=\"widget\" data-widget_type=\"heading.default\">\n\t\t\t\t\t<h2 class=\"elementor-heading-title elementor-size-default\"><span style=\"color:#1B2A41\">Administration<\/span><\/h2>\t\t\t\t<\/div>\n\t\t\t\t\t<\/div>\n\t\t\t\t<\/div>\n\t\t\t\t<section class=\"elementor-section elementor-top-section elementor-element elementor-element-9351c47 elementor-section-boxed elementor-section-height-default elementor-section-height-default wpr-particle-no wpr-jarallax-no wpr-parallax-no wpr-sticky-section-no wpr-equal-height-no\" data-id=\"9351c47\" data-element_type=\"section\" data-e-type=\"section\">\n\t\t\t\t\t\t<div class=\"elementor-container elementor-column-gap-default\">\n\t\t\t\t\t<div class=\"elementor-column elementor-col-100 elementor-top-column elementor-element elementor-element-2b3105c\" data-id=\"2b3105c\" data-element_type=\"column\" data-e-type=\"column\">\n\t\t\t<div class=\"elementor-widget-wrap elementor-element-populated\">\n\t\t\t\t\t\t<div class=\"elementor-element elementor-element-7fc4e98 elementor-widget elementor-widget-text-editor\" data-id=\"7fc4e98\" data-element_type=\"widget\" data-e-type=\"widget\" data-widget_type=\"text-editor.default\">\n\t\t\t\t\t\t\t\t\tBehind every ministry and activity of the Pastoral Academy, there is an administrative team committed to excellence and integrity.\n\nOur staff ensures that the academic, financial, and logistical processes function efficiently, allowing students and instructors to focus on spiritual and ministerial growth. With dedication and responsibility, they see to it that everything is carried out with transparency, order, and in accordance with Christian principles.\n\nTheir quiet but essential labor supports the work of God, ensuring that every resource is managed faithfully and that every organizational aspect serves to support the main purpose: the training of men for pastoral service and for the edification of the church of Christ.\t\t\t\t\t\t\t\t<\/div>\n\t\t\t\t\t<\/div>\n\t\t<\/div>\n\t\t\t\t\t<\/div>\n\t\t<\/section>\n\t\t\t\t<section class=\"elementor-section elementor-top-section elementor-element elementor-element-0a56be4 elementor-section-boxed elementor-section-height-default elementor-section-height-default wpr-particle-no wpr-jarallax-no wpr-parallax-no wpr-sticky-section-no wpr-equal-height-no\" data-id=\"0a56be4\" data-element_type=\"section\" data-e-type=\"section\">\n\t\t\t\t\t\t\t<div class=\"elementor-background-overlay\"><\/div>\n\t\t\t\t\t\t\t<div class=\"elementor-container elementor-column-gap-default\">\n\t\t\t\t\t<div class=\"elementor-column elementor-col-100 elementor-top-column elementor-element elementor-element-a2fcda3\" data-id=\"a2fcda3\" data-element_type=\"column\" data-e-type=\"column\">\n\t\t\t<div class=\"elementor-widget-wrap elementor-element-populated\">\n\t\t\t\t\t\t<section class=\"elementor-section elementor-inner-section elementor-element elementor-element-8ec79c4 elementor-section-boxed elementor-section-height-default elementor-section-height-default wpr-particle-no wpr-jarallax-no wpr-parallax-no wpr-sticky-section-no wpr-equal-height-no\" data-id=\"8ec79c4\" data-element_type=\"section\" data-e-type=\"section\">\n\t\t\t\t\t\t<div class=\"elementor-container elementor-column-gap-default\">\n\t\t\t\t\t<div class=\"elementor-column elementor-col-33 elementor-inner-column elementor-element elementor-element-f37985b\" data-id=\"f37985b\" data-element_type=\"column\" data-e-type=\"column\">\n\t\t\t<div class=\"elementor-widget-wrap elementor-element-populated\">\n\t\t\t\t\t\t<div class=\"elementor-element elementor-element-faf0fe3 elementor-widget elementor-widget-wpr-team-member\" data-id=\"faf0fe3\" data-element_type=\"widget\" data-e-type=\"widget\" data-widget_type=\"wpr-team-member.default\">\n\t\t\t\t\t\n\t<div class=\"wpr-team-member\">\n\t\t\t\t\t\n\t\t\t<div class=\"wpr-member-media\">\n\t\t\t\t<div class=\"wpr-member-image\">\n\t\t\t\t\t<img decoding=\"async\" src=\"https:\/\/academiapastoralnb.org\/wp-content\/uploads\/2025\/12\/mDoner-7.jpg\" alt=\"Pr. Eugenio Pi\u00f1ero\">\n\t\t\t\t<\/div>\n\t\t\t\t\t\t\t<\/div>\n\t\t\t\t\n\t\t\n\t\t<div class=\"wpr-member-content\">\n\t\t\t<h3 class=\"wpr-member-name\">Pr. Eugenio Pi\u00f1ero<\/h3>\n\t\t\t\n\t\t\t\t\t\t\t<div class=\"wpr-member-job\">Dean | Professor<\/div>\n\t\t\t\n\t\t\t\n\t\t\t\t\t\t\n\t\t\t\t\t<\/div>\n\n\t\t\t<\/div>\n\n\t\t\t\t\t<\/div>\n\t\t\t\t\t<\/div>\n\t\t<\/div>\n\t\t\t\t<div class=\"elementor-column elementor-col-33 elementor-inner-column elementor-element elementor-element-ceeddaf\" data-id=\"ceeddaf\" data-element_type=\"column\" data-e-type=\"column\">\n\t\t\t<div class=\"elementor-widget-wrap elementor-element-populated\">\n\t\t\t\t\t\t<div class=\"elementor-element elementor-element-290f574 elementor-widget elementor-widget-wpr-team-member\" data-id=\"290f574\" data-element_type=\"widget\" data-e-type=\"widget\" data-widget_type=\"wpr-team-member.default\">\n\t\t\t\t\t\n\t<div class=\"wpr-team-member\">\n\t\t\t\t\t\n\t\t\t<div class=\"wpr-member-media\">\n\t\t\t\t<div class=\"wpr-member-image\">\n\t\t\t\t\t<img decoding=\"async\" src=\"https:\/\/academiapastoralnb.org\/wp-content\/uploads\/2025\/12\/mDoner-11.jpg\" alt=\"Pr. Ariel Rodriguez\">\n\t\t\t\t<\/div>\n\t\t\t\t\t\t\t<\/div>\n\t\t\t\t\n\t\t\n\t\t<div class=\"wpr-member-content\">\n\t\t\t<h3 class=\"wpr-member-name\">Pr. Ariel Rodriguez<\/h3>\n\t\t\t\n\t\t\t\t\t\t\t<div class=\"wpr-member-job\">Pastor<\/div>\n\t\t\t\n\t\t\t\n\t\t\t\t\t\t\n\t\t\t\t\t<\/div>\n\n\t\t\t<\/div>\n\n\t\t\t\t\t<\/div>\n\t\t\t\t\t<\/div>\n\t\t<\/div>\n\t\t\t\t<div class=\"elementor-column elementor-col-33 elementor-inner-column elementor-element elementor-element-44ed8b4\" data-id=\"44ed8b4\" data-element_type=\"column\" data-e-type=\"column\">\n\t\t\t<div class=\"elementor-widget-wrap elementor-element-populated\">\n\t\t\t\t\t\t<div class=\"elementor-element elementor-element-5e71b46 elementor-widget elementor-widget-wpr-team-member\" data-id=\"5e71b46\" data-element_type=\"widget\" data-e-type=\"widget\" data-widget_type=\"wpr-team-member.default\">\n\t\t\t\t\t\n\t<div class=\"wpr-team-member\">\n\t\t\t\t\t\n\t\t\t<div class=\"wpr-member-media\">\n\t\t\t\t<div class=\"wpr-member-image\">\n\t\t\t\t\t<img decoding=\"async\" src=\"https:\/\/academiapastoralnb.org\/wp-content\/uploads\/2025\/12\/mDoner-9.jpg\" alt=\"Pr. Jeff Smith\">\n\t\t\t\t<\/div>\n\t\t\t\t\t\t\t<\/div>\n\t\t\t\t\n\t\t\n\t\t<div class=\"wpr-member-content\">\n\t\t\t<h3 class=\"wpr-member-name\">Pr. Jeff Smith<\/h3>\n\t\t\t\n\t\t\t\t\t\t\t<div class=\"wpr-member-job\">Pastor<\/div>\n\t\t\t\n\t\t\t\n\t\t\t\t\t\t\n\t\t\t\t\t<\/div>\n\n\t\t\t<\/div>\n\n\t\t\t\t\t<\/div>\n\t\t\t\t\t<\/div>\n\t\t<\/div>\n\t\t\t\t\t<\/div>\n\t\t<\/section>\n\t\t\t\t\t<\/div>\n\t\t<\/div>\n\t\t\t\t\t<\/div>\n\t\t<\/section>\n\t\t<div class=\"elementor-element elementor-element-e4cd1a0 e-flex e-con-boxed wpr-particle-no wpr-jarallax-no wpr-parallax-no wpr-sticky-section-no wpr-equal-height-no e-con e-parent\" data-id=\"e4cd1a0\" data-element_type=\"container\" data-e-type=\"container\">\n\t\t\t\t\t<div class=\"e-con-inner\">\n\t\t\t\t<div class=\"elementor-element elementor-element-303e213 elementor-widget elementor-widget-heading\" data-id=\"303e213\" data-element_type=\"widget\" data-e-type=\"widget\" data-widget_type=\"heading.default\">\n\t\t\t\t\t<h2 class=\"elementor-heading-title elementor-size-default translation-block\"><span style=\"color:#1B2A41\">Founding<\/span> <span style=\"color:#1B2A41\">Members<\/span><\/h2>\t\t\t\t<\/div>\n\t\t\t\t\t<\/div>\n\t\t\t\t<\/div>\n\t\t\t\t<section class=\"elementor-section elementor-top-section elementor-element elementor-element-74de60f elementor-section-boxed elementor-section-height-default elementor-section-height-default wpr-particle-no wpr-jarallax-no wpr-parallax-no wpr-sticky-section-no wpr-equal-height-no\" data-id=\"74de60f\" data-element_type=\"section\" data-e-type=\"section\">\n\t\t\t\t\t\t<div class=\"elementor-container elementor-column-gap-default\">\n\t\t\t\t\t<div class=\"elementor-column elementor-col-100 elementor-top-column elementor-element elementor-element-8a6b74f\" data-id=\"8a6b74f\" data-element_type=\"column\" data-e-type=\"column\">\n\t\t\t<div class=\"elementor-widget-wrap elementor-element-populated\">\n\t\t\t\t\t\t<div class=\"elementor-element elementor-element-244cb5b elementor-widget elementor-widget-text-editor\" data-id=\"244cb5b\" data-element_type=\"widget\" data-e-type=\"widget\" data-widget_type=\"text-editor.default\">\n\t\t\t\t\t\t\t\t\t<p>The Pastoral Academy was born thanks to the commitment and vision of a group of servants of God who, moved by the desire to strengthen the local church and guided by the direction of the Lord Jesus Christ through His Spirit and Word, took the first steps to make this academy a reality.<\/p><p>With gratitude to God, we recognize our founding members:<\/p><ul class=\"fundadores\"><li>Eugenio Pi\u00f1ero<\/li><li>Ariel Rodr\u00edguez<\/li><li>Daniel Santos<\/li><li>Mart\u00edn Ram\u00edrez<\/li><li>Frank Medina<\/li><li>Andr\u00e9s Guti\u00e9rrez<\/li><\/ul><p>\u00a0<\/p><p>Each of them has contributed with their effort, wisdom, and service, laying the foundations of an institution that seeks to equip the Lord\u2019s church with solid, biblical, and practical training. Today we honor their legacy and celebrate together the beginning of this new stage in pastoral and ministerial formation.<\/p>\t\t\t\t\t\t\t\t<\/div>\n\t\t\t\t\t<\/div>\n\t\t<\/div>\n\t\t\t\t\t<\/div>\n\t\t<\/section>\n\t\t\t\t<\/div>","protected":false},"excerpt":{"rendered":"<p>Academia Pastoral de North Bergen Inicio Nosotros Sobre la Academia En la Academia Pastoral de North Bergen creemos firmemente que el ministerio pastoral es tanto un privilegio como una responsabilidad sagrada, otorgada por Dios a aquellos que \u00c9l ha llamado. No se trata \u00fanicamente de adquirir conocimientos, sino de cultivar un coraz\u00f3n conforme a Cristo, dispuesto a servir a la iglesia con humildad, fidelidad y amor por la verdad del evangelio. Nuestra misi\u00f3n es preparar hombres fieles a la Palabra, con car\u00e1cter probado y una visi\u00f3n clara para guiar al pueblo de Dios en obediencia a las Escrituras. Nos esforzamos en ofrecer una formaci\u00f3n acad\u00e9mica rigurosa, acompa\u00f1ada de discipulado personal y gu\u00eda espiritual, de modo que cada estudiante sea equipado no solo en el conocimiento teol\u00f3gico, sino tambi\u00e9n en la pr\u00e1ctica del ministerio y en la vida piadosa. Aqu\u00ed encontrar\u00e1s un espacio donde la ense\u00f1anza b\u00edblica se une con la experiencia pastoral, donde la comunidad de hermanos y siervos de Dios camina junta en la fe, y donde cada aspecto de la formaci\u00f3n apunta a glorificar a Cristo y a edificar Su iglesia. \u00a0 Preparaci\u00f3n b\u00edblica s\u00f3lida \u2013 Estudios centrados en la Escritura como fundamento. Enfoque en el llamado pastoral \u2013 Educaci\u00f3n pr\u00e1ctica para el liderazgo ministerial. Pastores y profesores\u2013 Dedicados a ense\u00f1ar y aplicar todo el consejo de Dios en cada aspecto de la vida. \u00a0 Administraci\u00f3n Detr\u00e1s de cada ministerio y actividad de la Academia Pastoral, hay un equipo administrativo comprometido con la excelencia y la integridad. Nuestro personal garantiza que los procesos acad\u00e9micos, financieros y log\u00edsticos funcionen de manera eficiente, permitiendo que estudiantes y docentes se enfoquen en el crecimiento espiritual y ministerial. Con dedicaci\u00f3n y responsabilidad, velan por que todo se realice con transparencia, orden y en conformidad con principios cristianos. Su labor silenciosa pero esencial sostiene la obra de Dios, asegurando que cada recurso sea administrado con fidelidad y que cada aspecto organizativo sirva de apoyo al prop\u00f3sito principal: la formaci\u00f3n de hombres para el servicio pastoral y la edificaci\u00f3n de la iglesia de Cristo. Pr. Eugenio Pi\u00f1ero Decano | Profesor Pr. Ariel Rodriguez Pastor Pr. Jeff Smith Pastor Miembros Fundadores La Academia Pastoral nace gracias al compromiso y la visi\u00f3n de un grupo de siervos de Dios que, movidos por el deseo de fortalecer la iglesia local, y guiados por la gu\u00eda del Se\u00f1or Jesucristo a trav\u00e9s de su esp\u00edritu y palabra, dieron los primeros pasos para hacer realidad esta academia. Con gratitud a Dios, reconocemos a nuestros miembros fundadores: Eugenio Pi\u00f1ero Ariel Rodr\u00edguez Daniel Santos Mart\u00edn Ram\u00edrez Frank Medina Andr\u00e9s Guti\u00e9rrez \u00a0 Cada uno de ellos ha contribuido con su esfuerzo, sabidur\u00eda y servicio, sentando las bases de una instituci\u00f3n que busca equipar a la iglesia del Se\u00f1or con una preparaci\u00f3n s\u00f3lida, b\u00edblica y pr\u00e1ctica. Hoy honramos su legado y celebramos juntos el inicio de esta nueva etapa en la formaci\u00f3n pastoral y ministerial.<\/p>","protected":false},"author":1,"featured_media":0,"parent":0,"menu_order":0,"comment_status":"closed","ping_status":"closed","template":"elementor_canvas","meta":{"footnotes":""},"class_list":["post-1369","page","type-page","status-publish","hentry"],"yoast_head":"<!-- This site is optimized with the Yoast SEO plugin v27.5 - https:\/\/yoast.com\/product\/yoast-seo-wordpress\/ -->\n<title>Nosotros - Academia Pastoral de North Bergen<\/title>\n<meta name=\"robots\" content=\"index, follow, max-snippet:-1, max-image-preview:large, max-video-preview:-1\" \/>\n<link rel=\"canonical\" href=\"https:\/\/academiapastoralnb.org\/en\/nosotros\/\" \/>\n<meta property=\"og:locale\" content=\"en_US\" \/>\n<meta property=\"og:type\" content=\"article\" \/>\n<meta property=\"og:title\" content=\"Nosotros - Academia Pastoral de North Bergen\" \/>\n<meta property=\"og:description\" content=\"Academia Pastoral de North Bergen Inicio Nosotros Sobre la Academia En la Academia Pastoral de North Bergen creemos firmemente que el ministerio pastoral es tanto un privilegio como una responsabilidad sagrada, otorgada por Dios a aquellos que \u00c9l ha llamado. No se trata \u00fanicamente de adquirir conocimientos, sino de cultivar un coraz\u00f3n conforme a Cristo, dispuesto a servir a la iglesia con humildad, fidelidad y amor por la verdad del evangelio. Nuestra misi\u00f3n es preparar hombres fieles a la Palabra, con car\u00e1cter probado y una visi\u00f3n clara para guiar al pueblo de Dios en obediencia a las Escrituras. Nos esforzamos en ofrecer una formaci\u00f3n acad\u00e9mica rigurosa, acompa\u00f1ada de discipulado personal y gu\u00eda espiritual, de modo que cada estudiante sea equipado no solo en el conocimiento teol\u00f3gico, sino tambi\u00e9n en la pr\u00e1ctica del ministerio y en la vida piadosa. Aqu\u00ed encontrar\u00e1s un espacio donde la ense\u00f1anza b\u00edblica se une con la experiencia pastoral, donde la comunidad de hermanos y siervos de Dios camina junta en la fe, y donde cada aspecto de la formaci\u00f3n apunta a glorificar a Cristo y a edificar Su iglesia. \u00a0 Preparaci\u00f3n b\u00edblica s\u00f3lida \u2013 Estudios centrados en la Escritura como fundamento. Enfoque en el llamado pastoral \u2013 Educaci\u00f3n pr\u00e1ctica para el liderazgo ministerial. Pastores y profesores\u2013 Dedicados a ense\u00f1ar y aplicar todo el consejo de Dios en cada aspecto de la vida. \u00a0 Administraci\u00f3n Detr\u00e1s de cada ministerio y actividad de la Academia Pastoral, hay un equipo administrativo comprometido con la excelencia y la integridad. Nuestro personal garantiza que los procesos acad\u00e9micos, financieros y log\u00edsticos funcionen de manera eficiente, permitiendo que estudiantes y docentes se enfoquen en el crecimiento espiritual y ministerial. Con dedicaci\u00f3n y responsabilidad, velan por que todo se realice con transparencia, orden y en conformidad con principios cristianos. Su labor silenciosa pero esencial sostiene la obra de Dios, asegurando que cada recurso sea administrado con fidelidad y que cada aspecto organizativo sirva de apoyo al prop\u00f3sito principal: la formaci\u00f3n de hombres para el servicio pastoral y la edificaci\u00f3n de la iglesia de Cristo. Pr. Eugenio Pi\u00f1ero Decano | Profesor Pr. Ariel Rodriguez Pastor Pr. Jeff Smith Pastor Miembros Fundadores La Academia Pastoral nace gracias al compromiso y la visi\u00f3n de un grupo de siervos de Dios que, movidos por el deseo de fortalecer la iglesia local, y guiados por la gu\u00eda del Se\u00f1or Jesucristo a trav\u00e9s de su esp\u00edritu y palabra, dieron los primeros pasos para hacer realidad esta academia. Con gratitud a Dios, reconocemos a nuestros miembros fundadores: Eugenio Pi\u00f1ero Ariel Rodr\u00edguez Daniel Santos Mart\u00edn Ram\u00edrez Frank Medina Andr\u00e9s Guti\u00e9rrez \u00a0 Cada uno de ellos ha contribuido con su esfuerzo, sabidur\u00eda y servicio, sentando las bases de una instituci\u00f3n que busca equipar a la iglesia del Se\u00f1or con una preparaci\u00f3n s\u00f3lida, b\u00edblica y pr\u00e1ctica. Hoy honramos su legado y celebramos juntos el inicio de esta nueva etapa en la formaci\u00f3n pastoral y ministerial.\" \/>\n<meta property=\"og:url\" content=\"https:\/\/academiapastoralnb.org\/en\/nosotros\/\" \/>\n<meta property=\"og:site_name\" content=\"Academia Pastoral de North Bergen\" \/>\n<meta property=\"article:modified_time\" content=\"2025-12-11T05:09:54+00:00\" \/>\n<meta property=\"og:image\" content=\"https:\/\/academiapastoralnb.org\/wp-content\/uploads\/2025\/12\/3db8d02c-3096-4a33-b7a8-7ce94a7e0ca6-1024x683.png\" \/>\n<meta name=\"twitter:card\" content=\"summary_large_image\" \/>\n<meta name=\"twitter:label1\" content=\"Est. reading time\" \/>\n\t<meta name=\"twitter:data1\" content=\"3 minutes\" \/>\n<script type=\"application\/ld+json\" class=\"yoast-schema-graph\">{\"@context\":\"https:\\\/\\\/schema.org\",\"@graph\":[{\"@type\":\"WebPage\",\"@id\":\"https:\\\/\\\/academiapastoralnb.org\\\/nosotros\\\/\",\"url\":\"https:\\\/\\\/academiapastoralnb.org\\\/nosotros\\\/\",\"name\":\"Nosotros - Academia Pastoral de North Bergen\",\"isPartOf\":{\"@id\":\"https:\\\/\\\/academiapastoralnb.org\\\/#website\"},\"primaryImageOfPage\":{\"@id\":\"https:\\\/\\\/academiapastoralnb.org\\\/nosotros\\\/#primaryimage\"},\"image\":{\"@id\":\"https:\\\/\\\/academiapastoralnb.org\\\/nosotros\\\/#primaryimage\"},\"thumbnailUrl\":\"https:\\\/\\\/academiapastoralnb.org\\\/wp-content\\\/uploads\\\/2025\\\/12\\\/3db8d02c-3096-4a33-b7a8-7ce94a7e0ca6-1024x683.png\",\"datePublished\":\"2024-04-16T05:43:52+00:00\",\"dateModified\":\"2025-12-11T05:09:54+00:00\",\"breadcrumb\":{\"@id\":\"https:\\\/\\\/academiapastoralnb.org\\\/nosotros\\\/#breadcrumb\"},\"inLanguage\":\"en-US\",\"potentialAction\":[{\"@type\":\"ReadAction\",\"target\":[\"https:\\\/\\\/academiapastoralnb.org\\\/nosotros\\\/\"]}]},{\"@type\":\"ImageObject\",\"inLanguage\":\"en-US\",\"@id\":\"https:\\\/\\\/academiapastoralnb.org\\\/nosotros\\\/#primaryimage\",\"url\":\"https:\\\/\\\/academiapastoralnb.org\\\/wp-content\\\/uploads\\\/2025\\\/12\\\/3db8d02c-3096-4a33-b7a8-7ce94a7e0ca6-1024x683.png\",\"contentUrl\":\"https:\\\/\\\/academiapastoralnb.org\\\/wp-content\\\/uploads\\\/2025\\\/12\\\/3db8d02c-3096-4a33-b7a8-7ce94a7e0ca6-1024x683.png\"},{\"@type\":\"BreadcrumbList\",\"@id\":\"https:\\\/\\\/academiapastoralnb.org\\\/nosotros\\\/#breadcrumb\",\"itemListElement\":[{\"@type\":\"ListItem\",\"position\":1,\"name\":\"Home\",\"item\":\"https:\\\/\\\/academiapastoralnb.org\\\/\"},{\"@type\":\"ListItem\",\"position\":2,\"name\":\"Nosotros\"}]},{\"@type\":\"WebSite\",\"@id\":\"https:\\\/\\\/academiapastoralnb.org\\\/#website\",\"url\":\"https:\\\/\\\/academiapastoralnb.org\\\/\",\"name\":\"Academia Pastoral de North Bergen\",\"description\":\"Formaci\u00f3n B\u00edblica y Pastoral: para servir a Dios y a su iglesia\",\"potentialAction\":[{\"@type\":\"SearchAction\",\"target\":{\"@type\":\"EntryPoint\",\"urlTemplate\":\"https:\\\/\\\/academiapastoralnb.org\\\/?s={search_term_string}\"},\"query-input\":{\"@type\":\"PropertyValueSpecification\",\"valueRequired\":true,\"valueName\":\"search_term_string\"}}],\"inLanguage\":\"en-US\"}]}<\/script>\n<!-- \/ Yoast SEO plugin. -->","yoast_head_json":{"title":"Nosotros - Academia Pastoral de North Bergen","robots":{"index":"index","follow":"follow","max-snippet":"max-snippet:-1","max-image-preview":"max-image-preview:large","max-video-preview":"max-video-preview:-1"},"canonical":"https:\/\/academiapastoralnb.org\/en\/nosotros\/","og_locale":"en_US","og_type":"article","og_title":"Nosotros - Academia Pastoral de North Bergen","og_description":"Academia Pastoral de North Bergen Inicio Nosotros Sobre la Academia En la Academia Pastoral de North Bergen creemos firmemente que el ministerio pastoral es tanto un privilegio como una responsabilidad sagrada, otorgada por Dios a aquellos que \u00c9l ha llamado. No se trata \u00fanicamente de adquirir conocimientos, sino de cultivar un coraz\u00f3n conforme a Cristo, dispuesto a servir a la iglesia con humildad, fidelidad y amor por la verdad del evangelio. Nuestra misi\u00f3n es preparar hombres fieles a la Palabra, con car\u00e1cter probado y una visi\u00f3n clara para guiar al pueblo de Dios en obediencia a las Escrituras. Nos esforzamos en ofrecer una formaci\u00f3n acad\u00e9mica rigurosa, acompa\u00f1ada de discipulado personal y gu\u00eda espiritual, de modo que cada estudiante sea equipado no solo en el conocimiento teol\u00f3gico, sino tambi\u00e9n en la pr\u00e1ctica del ministerio y en la vida piadosa. Aqu\u00ed encontrar\u00e1s un espacio donde la ense\u00f1anza b\u00edblica se une con la experiencia pastoral, donde la comunidad de hermanos y siervos de Dios camina junta en la fe, y donde cada aspecto de la formaci\u00f3n apunta a glorificar a Cristo y a edificar Su iglesia. \u00a0 Preparaci\u00f3n b\u00edblica s\u00f3lida \u2013 Estudios centrados en la Escritura como fundamento. Enfoque en el llamado pastoral \u2013 Educaci\u00f3n pr\u00e1ctica para el liderazgo ministerial. Pastores y profesores\u2013 Dedicados a ense\u00f1ar y aplicar todo el consejo de Dios en cada aspecto de la vida. \u00a0 Administraci\u00f3n Detr\u00e1s de cada ministerio y actividad de la Academia Pastoral, hay un equipo administrativo comprometido con la excelencia y la integridad. Nuestro personal garantiza que los procesos acad\u00e9micos, financieros y log\u00edsticos funcionen de manera eficiente, permitiendo que estudiantes y docentes se enfoquen en el crecimiento espiritual y ministerial. Con dedicaci\u00f3n y responsabilidad, velan por que todo se realice con transparencia, orden y en conformidad con principios cristianos. Su labor silenciosa pero esencial sostiene la obra de Dios, asegurando que cada recurso sea administrado con fidelidad y que cada aspecto organizativo sirva de apoyo al prop\u00f3sito principal: la formaci\u00f3n de hombres para el servicio pastoral y la edificaci\u00f3n de la iglesia de Cristo. Pr. Eugenio Pi\u00f1ero Decano | Profesor Pr. Ariel Rodriguez Pastor Pr. Jeff Smith Pastor Miembros Fundadores La Academia Pastoral nace gracias al compromiso y la visi\u00f3n de un grupo de siervos de Dios que, movidos por el deseo de fortalecer la iglesia local, y guiados por la gu\u00eda del Se\u00f1or Jesucristo a trav\u00e9s de su esp\u00edritu y palabra, dieron los primeros pasos para hacer realidad esta academia. Con gratitud a Dios, reconocemos a nuestros miembros fundadores: Eugenio Pi\u00f1ero Ariel Rodr\u00edguez Daniel Santos Mart\u00edn Ram\u00edrez Frank Medina Andr\u00e9s Guti\u00e9rrez \u00a0 Cada uno de ellos ha contribuido con su esfuerzo, sabidur\u00eda y servicio, sentando las bases de una instituci\u00f3n que busca equipar a la iglesia del Se\u00f1or con una preparaci\u00f3n s\u00f3lida, b\u00edblica y pr\u00e1ctica. Hoy honramos su legado y celebramos juntos el inicio de esta nueva etapa en la formaci\u00f3n pastoral y ministerial.","og_url":"https:\/\/academiapastoralnb.org\/en\/nosotros\/","og_site_name":"Academia Pastoral de North Bergen","article_modified_time":"2025-12-11T05:09:54+00:00","og_image":[{"url":"https:\/\/academiapastoralnb.org\/wp-content\/uploads\/2025\/12\/3db8d02c-3096-4a33-b7a8-7ce94a7e0ca6-1024x683.png","type":"","width":"","height":""}],"twitter_card":"summary_large_image","twitter_misc":{"Est. reading time":"3 minutes"},"schema":{"@context":"https:\/\/schema.org","@graph":[{"@type":"WebPage","@id":"https:\/\/academiapastoralnb.org\/nosotros\/","url":"https:\/\/academiapastoralnb.org\/nosotros\/","name":"Nosotros - Academia Pastoral de North Bergen","isPartOf":{"@id":"https:\/\/academiapastoralnb.org\/#website"},"primaryImageOfPage":{"@id":"https:\/\/academiapastoralnb.org\/nosotros\/#primaryimage"},"image":{"@id":"https:\/\/academiapastoralnb.org\/nosotros\/#primaryimage"},"thumbnailUrl":"https:\/\/academiapastoralnb.org\/wp-content\/uploads\/2025\/12\/3db8d02c-3096-4a33-b7a8-7ce94a7e0ca6-1024x683.png","datePublished":"2024-04-16T05:43:52+00:00","dateModified":"2025-12-11T05:09:54+00:00","breadcrumb":{"@id":"https:\/\/academiapastoralnb.org\/nosotros\/#breadcrumb"},"inLanguage":"en-US","potentialAction":[{"@type":"ReadAction","target":["https:\/\/academiapastoralnb.org\/nosotros\/"]}]},{"@type":"ImageObject","inLanguage":"en-US","@id":"https:\/\/academiapastoralnb.org\/nosotros\/#primaryimage","url":"https:\/\/academiapastoralnb.org\/wp-content\/uploads\/2025\/12\/3db8d02c-3096-4a33-b7a8-7ce94a7e0ca6-1024x683.png","contentUrl":"https:\/\/academiapastoralnb.org\/wp-content\/uploads\/2025\/12\/3db8d02c-3096-4a33-b7a8-7ce94a7e0ca6-1024x683.png"},{"@type":"BreadcrumbList","@id":"https:\/\/academiapastoralnb.org\/nosotros\/#breadcrumb","itemListElement":[{"@type":"ListItem","position":1,"name":"Home","item":"https:\/\/academiapastoralnb.org\/"},{"@type":"ListItem","position":2,"name":"Nosotros"}]},{"@type":"WebSite","@id":"https:\/\/academiapastoralnb.org\/#website","url":"https:\/\/academiapastoralnb.org\/","name":"Pastoral Academy of North Bergen","description":"Formaci\u00f3n B\u00edblica y Pastoral: para servir a Dios y a su iglesia","potentialAction":[{"@type":"SearchAction","target":{"@type":"EntryPoint","urlTemplate":"https:\/\/academiapastoralnb.org\/?s={search_term_string}"},"query-input":{"@type":"PropertyValueSpecification","valueRequired":true,"valueName":"search_term_string"}}],"inLanguage":"en-US"}]}},"_links":{"self":[{"href":"https:\/\/academiapastoralnb.org\/en\/wp-json\/wp\/v2\/pages\/1369","targetHints":{"allow":["GET"]}}],"collection":[{"href":"https:\/\/academiapastoralnb.org\/en\/wp-json\/wp\/v2\/pages"}],"about":[{"href":"https:\/\/academiapastoralnb.org\/en\/wp-json\/wp\/v2\/types\/page"}],"author":[{"embeddable":true,"href":"https:\/\/academiapastoralnb.org\/en\/wp-json\/wp\/v2\/users\/1"}],"replies":[{"embeddable":true,"href":"https:\/\/academiapastoralnb.org\/en\/wp-json\/wp\/v2\/comments?post=1369"}],"version-history":[{"count":546,"href":"https:\/\/academiapastoralnb.org\/en\/wp-json\/wp\/v2\/pages\/1369\/revisions"}],"predecessor-version":[{"id":8848,"href":"https:\/\/academiapastoralnb.org\/en\/wp-json\/wp\/v2\/pages\/1369\/revisions\/8848"}],"wp:attachment":[{"href":"https:\/\/academiapastoralnb.org\/en\/wp-json\/wp\/v2\/media?parent=1369"}],"curies":[{"name":"wp","href":"https:\/\/api.w.org\/{rel}","templated":true}]}}